{"id":839,"date":"2021-04-09T08:50:41","date_gmt":"2021-04-09T08:50:41","guid":{"rendered":"https:\/\/learngen.eu\/?page_id=839"},"modified":"2021-05-07T07:46:26","modified_gmt":"2021-05-07T07:46:26","slug":"news","status":"publish","type":"page","link":"https:\/\/learngen.eu\/pt-pt\/news\/","title":{"rendered":"News"},"content":{"rendered":"<h2><strong>NOT\u00cdCIAS<\/strong><\/h2>\n<div>\n\n    <div id=\"wk-gridf13\" class=\"uk-child-width-1-1 uk-child-width-1-3@l uk-child-width-1-3@xl uk-grid-match uk-text-left widget-news\" uk-height-match=\"target: &gt; div &gt; .uk-panel, &gt; div &gt; .uk-card; row: true\" uk-grid >\n\n    \n        <div >\n            <div class=\"uk-panel uk-transition-toggle\">\n\n                                <a class=\"uk-position-cover uk-position-z-index\" href=\"https:\/\/learngen.eu\/pt-pt\/2022\/10\/13\/mentoring-e-reverse-mentoring-num-bom-rumo\/\" title=\"Mentoring e reverse mentoring num bom RUMO\"><\/a>\n                \n                \n                                <div class=\"uk-text-center uk-margin uk-margin-remove-top\"><div class=\"uk-inline-clip \"><img decoding=\"async\" src=\"https:\/\/learngen.eu\/wp-content\/uploads\/2022\/10\/unnamed.png\" class=\" uk-transition-scale-up uk-transition-opaque\" alt=\"Mentoring e reverse mentoring num bom RUMO\"><\/div><\/div>\n                \n                \n                    \n                        \n                                                <h2 class=\"uk-h2 uk-margin-remove-top\">\n\n                                                            <a class=\"uk-link-reset\" href=\"https:\/\/learngen.eu\/pt-pt\/2022\/10\/13\/mentoring-e-reverse-mentoring-num-bom-rumo\/\">Mentoring e reverse mentoring num bom RUMO<\/a>\n                            \n                            \n                        <\/h2>\n                        \n                        \n                        \n                        \n                        \n                                                <p><a class=\"uk-button uk-button-primary\" href=\"https:\/\/learngen.eu\/pt-pt\/2022\/10\/13\/mentoring-e-reverse-mentoring-num-bom-rumo\/\">Saiba mais<\/a><\/p>\n                        \n                    \n                \n            <\/div>\n        <\/div>\n\n    \n        <div >\n            <div class=\"uk-panel uk-transition-toggle\">\n\n                                <a class=\"uk-position-cover uk-position-z-index\" href=\"https:\/\/learngen.eu\/pt-pt\/2022\/09\/05\/2073\/\" title=\"Existe cada vez mais uma proximidade entre as Institui\u00e7\u00f5es de Ensino Superior e as organiza\u00e7\u00f5es, no sentido de colmatar os gaps laborais atuais.\"><\/a>\n                \n                \n                                <div class=\"uk-text-center uk-margin uk-margin-remove-top\"><div class=\"uk-inline-clip \"><img decoding=\"async\" src=\"https:\/\/learngen.eu\/wp-content\/uploads\/2022\/09\/unnamed-3.jpg\" class=\" uk-transition-scale-up uk-transition-opaque\" alt=\"Existe cada vez mais uma proximidade entre as Institui\u00e7\u00f5es de Ensino Superior e as organiza\u00e7\u00f5es, no sentido de colmatar os gaps laborais atuais.\"><\/div><\/div>\n                \n                \n                    \n                        \n                                                <h2 class=\"uk-h2 uk-margin-remove-top\">\n\n                                                            <a class=\"uk-link-reset\" href=\"https:\/\/learngen.eu\/pt-pt\/2022\/09\/05\/2073\/\">Existe cada vez mais uma proximidade entre as Institui\u00e7\u00f5es de Ensino Superior e as organiza\u00e7\u00f5es, no sentido de colmatar os gaps laborais atuais.<\/a>\n                            \n                            \n                        <\/h2>\n                        \n                        \n                        \n                        \n                        \n                                                <p><a class=\"uk-button uk-button-primary\" href=\"https:\/\/learngen.eu\/pt-pt\/2022\/09\/05\/2073\/\">Saiba mais<\/a><\/p>\n                        \n                    \n                \n            <\/div>\n        <\/div>\n\n    \n        <div >\n            <div class=\"uk-panel uk-transition-toggle\">\n\n                                <a class=\"uk-position-cover uk-position-z-index\" href=\"https:\/\/learngen.eu\/pt-pt\/2022\/09\/05\/mentoring-para-promover-relacionamentos-intergeracionais-no-local-de-trabalho\/\" title=\"Mentoring para promover relacionamentos intergeracionais no local de trabalho\"><\/a>\n                \n                \n                                <div class=\"uk-text-center uk-margin uk-margin-remove-top\"><div class=\"uk-inline-clip \"><img decoding=\"async\" src=\"https:\/\/learngen.eu\/wp-content\/uploads\/2022\/09\/unnamed-2.jpg\" class=\" uk-transition-scale-up uk-transition-opaque\" alt=\"Mentoring para promover relacionamentos intergeracionais no local de trabalho\"><\/div><\/div>\n                \n                \n                    \n                        \n                                                <h2 class=\"uk-h2 uk-margin-remove-top\">\n\n                                                            <a class=\"uk-link-reset\" href=\"https:\/\/learngen.eu\/pt-pt\/2022\/09\/05\/mentoring-para-promover-relacionamentos-intergeracionais-no-local-de-trabalho\/\">Mentoring para promover relacionamentos intergeracionais no local de trabalho<\/a>\n                            \n                            \n                        <\/h2>\n                        \n                        \n                        \n                        \n                        \n                                                <p><a class=\"uk-button uk-button-primary\" href=\"https:\/\/learngen.eu\/pt-pt\/2022\/09\/05\/mentoring-para-promover-relacionamentos-intergeracionais-no-local-de-trabalho\/\">Saiba mais<\/a><\/p>\n                        \n                    \n                \n            <\/div>\n        <\/div>\n\n    \n        <div >\n            <div class=\"uk-panel uk-transition-toggle\">\n\n                                <a class=\"uk-position-cover uk-position-z-index\" href=\"https:\/\/learngen.eu\/pt-pt\/2022\/08\/02\/enquanto-profissional-de-rh-sinto-que-a-questa%cc%83o-da-idade-nesta-fase-nao-deveria-ser-uma-questa%cc%83o-existem-jovens-de-20-anos-que-parecem-ter-60-e-vice-versa\/\" title=\"Enquanto profissional de RH sinto que a questa\u0303o da idade, nesta fase, n\u00e3o deveria ser uma questa\u0303o (&amp;#8230;)existem jovens de 20 anos que parecem ter 60 e vice-versa.\"><\/a>\n                \n                \n                                <div class=\"uk-text-center uk-margin uk-margin-remove-top\"><div class=\"uk-inline-clip \"><img decoding=\"async\" src=\"https:\/\/learngen.eu\/wp-content\/uploads\/2022\/08\/unnamed-5.png\" class=\" uk-transition-scale-up uk-transition-opaque\" alt=\"Enquanto profissional de RH sinto que a questa\u0303o da idade, nesta fase, n\u00e3o deveria ser uma questa\u0303o (&#8230;)existem jovens de 20 anos que parecem ter 60 e vice-versa.\"><\/div><\/div>\n                \n                \n                    \n                        \n                                                <h2 class=\"uk-h2 uk-margin-remove-top\">\n\n                                                            <a class=\"uk-link-reset\" href=\"https:\/\/learngen.eu\/pt-pt\/2022\/08\/02\/enquanto-profissional-de-rh-sinto-que-a-questa%cc%83o-da-idade-nesta-fase-nao-deveria-ser-uma-questa%cc%83o-existem-jovens-de-20-anos-que-parecem-ter-60-e-vice-versa\/\">Enquanto profissional de RH sinto que a questa\u0303o da idade, nesta fase, n\u00e3o deveria ser uma questa\u0303o (&#8230;)existem jovens de 20 anos que parecem ter 60 e vice-versa.<\/a>\n                            \n                            \n                        <\/h2>\n                        \n                        \n                        \n                        \n                        \n                                                <p><a class=\"uk-button uk-button-primary\" href=\"https:\/\/learngen.eu\/pt-pt\/2022\/08\/02\/enquanto-profissional-de-rh-sinto-que-a-questa%cc%83o-da-idade-nesta-fase-nao-deveria-ser-uma-questa%cc%83o-existem-jovens-de-20-anos-que-parecem-ter-60-e-vice-versa\/\">Saiba mais<\/a><\/p>\n                        \n                    \n                \n            <\/div>\n        <\/div>\n\n    \n        <div >\n            <div class=\"uk-panel uk-transition-toggle\">\n\n                                <a class=\"uk-position-cover uk-position-z-index\" href=\"https:\/\/learngen.eu\/pt-pt\/2022\/08\/02\/na-ausencia-do-outro-o-homem-nao-se-constroi-homem\/\" title=\"Na aus\u00eancia do outro, o homem n\u00e3o se constr\u00f3i homem.\"><\/a>\n                \n                \n                                <div class=\"uk-text-center uk-margin uk-margin-remove-top\"><div class=\"uk-inline-clip \"><img decoding=\"async\" src=\"https:\/\/learngen.eu\/wp-content\/uploads\/2022\/08\/unnamed-5.jpg\" class=\" uk-transition-scale-up uk-transition-opaque\" alt=\"Na aus\u00eancia do outro, o homem n\u00e3o se constr\u00f3i homem.\"><\/div><\/div>\n                \n                \n                    \n                        \n                                                <h2 class=\"uk-h2 uk-margin-remove-top\">\n\n                                                            <a class=\"uk-link-reset\" href=\"https:\/\/learngen.eu\/pt-pt\/2022\/08\/02\/na-ausencia-do-outro-o-homem-nao-se-constroi-homem\/\">Na aus\u00eancia do outro, o homem n\u00e3o se constr\u00f3i homem.<\/a>\n                            \n                            \n                        <\/h2>\n                        \n                        \n                        \n                        \n                        \n                                                <p><a class=\"uk-button uk-button-primary\" href=\"https:\/\/learngen.eu\/pt-pt\/2022\/08\/02\/na-ausencia-do-outro-o-homem-nao-se-constroi-homem\/\">Saiba mais<\/a><\/p>\n                        \n                    \n                \n            <\/div>\n        <\/div>\n\n    \n        <div >\n            <div class=\"uk-panel uk-transition-toggle\">\n\n                                <a class=\"uk-position-cover uk-position-z-index\" href=\"https:\/\/learngen.eu\/pt-pt\/2022\/05\/09\/avos-empreendedores\/\" title=\"Av\u00f3s empreendedores\"><\/a>\n                \n                \n                                <div class=\"uk-text-center uk-margin uk-margin-remove-top\"><div class=\"uk-inline-clip \"><img decoding=\"async\" src=\"https:\/\/learngen.eu\/wp-content\/uploads\/2022\/05\/ptnene.png\" class=\" uk-transition-scale-up uk-transition-opaque\" alt=\"Av\u00f3s empreendedores\"><\/div><\/div>\n                \n                \n                    \n                        \n                                                <h2 class=\"uk-h2 uk-margin-remove-top\">\n\n                                                            <a class=\"uk-link-reset\" href=\"https:\/\/learngen.eu\/pt-pt\/2022\/05\/09\/avos-empreendedores\/\">Av\u00f3s empreendedores<\/a>\n                            \n                            \n                        <\/h2>\n                        \n                        \n                        \n                        \n                        \n                                                <p><a class=\"uk-button uk-button-primary\" href=\"https:\/\/learngen.eu\/pt-pt\/2022\/05\/09\/avos-empreendedores\/\">Saiba mais<\/a><\/p>\n                        \n                    \n                \n            <\/div>\n        <\/div>\n\n    \n        <div >\n            <div class=\"uk-panel uk-transition-toggle\">\n\n                                <a class=\"uk-position-cover uk-position-z-index\" href=\"https:\/\/learngen.eu\/pt-pt\/2022\/02\/14\/de-geracao-em-geracao-o-mundo-do-trabalho-a-quatro-maos\/\" title=\"De gera\u00e7\u00e3o em gera\u00e7\u00e3o. O mundo do trabalho a quatro m\u00e3os.\"><\/a>\n                \n                \n                                <div class=\"uk-text-center uk-margin uk-margin-remove-top\"><div class=\"uk-inline-clip \"><img decoding=\"async\" src=\"https:\/\/learngen.eu\/wp-content\/uploads\/2022\/02\/PT22.png\" class=\" uk-transition-scale-up uk-transition-opaque\" alt=\"De gera\u00e7\u00e3o em gera\u00e7\u00e3o. O mundo do trabalho a quatro m\u00e3os.\"><\/div><\/div>\n                \n                \n                    \n                        \n                                                <h2 class=\"uk-h2 uk-margin-remove-top\">\n\n                                                            <a class=\"uk-link-reset\" href=\"https:\/\/learngen.eu\/pt-pt\/2022\/02\/14\/de-geracao-em-geracao-o-mundo-do-trabalho-a-quatro-maos\/\">De gera\u00e7\u00e3o em gera\u00e7\u00e3o. O mundo do trabalho a quatro m\u00e3os.<\/a>\n                            \n                            \n                        <\/h2>\n                        \n                        \n                        \n                        \n                        \n                                                <p><a class=\"uk-button uk-button-primary\" href=\"https:\/\/learngen.eu\/pt-pt\/2022\/02\/14\/de-geracao-em-geracao-o-mundo-do-trabalho-a-quatro-maos\/\">Saiba mais<\/a><\/p>\n                        \n                    \n                \n            <\/div>\n        <\/div>\n\n    \n        <div >\n            <div class=\"uk-panel uk-transition-toggle\">\n\n                                <a class=\"uk-position-cover uk-position-z-index\" href=\"https:\/\/learngen.eu\/pt-pt\/2021\/12\/10\/velhos-sao-os-trapos\/\" title=\"Velhos s\u00e3o os Trapos!\"><\/a>\n                \n                \n                                <div class=\"uk-text-center uk-margin uk-margin-remove-top\"><div class=\"uk-inline-clip \"><img decoding=\"async\" src=\"https:\/\/learngen.eu\/wp-content\/uploads\/2021\/12\/pt1Img-scaled.jpg\" class=\" uk-transition-scale-up uk-transition-opaque\" alt=\"Velhos s\u00e3o os Trapos!\"><\/div><\/div>\n                \n                \n                    \n                        \n                                                <h2 class=\"uk-h2 uk-margin-remove-top\">\n\n                                                            <a class=\"uk-link-reset\" href=\"https:\/\/learngen.eu\/pt-pt\/2021\/12\/10\/velhos-sao-os-trapos\/\">Velhos s\u00e3o os Trapos!<\/a>\n                            \n                            \n                        <\/h2>\n                        \n                        \n                        \n                                                <div class=\"uk-margin\">Velhos s\u00e3o os Trapos! Se disser a uma pessoa conhecida \u201cest\u00e1s velho\u201d \u00e9 muito prov\u00e1vel que oi\u00e7a esta resposta: \u201cVelhos...<\/div>\n                        \n                        \n                                                <p><a class=\"uk-button uk-button-primary\" href=\"https:\/\/learngen.eu\/pt-pt\/2021\/12\/10\/velhos-sao-os-trapos\/\">Saiba mais<\/a><\/p>\n                        \n                    \n                \n            <\/div>\n        <\/div>\n\n    \n        <div >\n            <div class=\"uk-panel uk-transition-toggle\">\n\n                                <a class=\"uk-position-cover uk-position-z-index\" href=\"https:\/\/learngen.eu\/pt-pt\/2021\/10\/05\/reverse-mentoring-um-caminho-para-normalizar-a-aprendizagem-intergeracional\/\" title=\"Reverse mentoring: um caminho para normalizar a aprendizagem intergeracional?\"><\/a>\n                \n                \n                                <div class=\"uk-text-center uk-margin uk-margin-remove-top\"><div class=\"uk-inline-clip \"><img decoding=\"async\" src=\"https:\/\/learngen.eu\/wp-content\/uploads\/2021\/10\/julPT1.jpg\" class=\" uk-transition-scale-up uk-transition-opaque\" alt=\"Reverse mentoring: um caminho para normalizar a aprendizagem intergeracional?\"><\/div><\/div>\n                \n                \n                    \n                        \n                                                <h2 class=\"uk-h2 uk-margin-remove-top\">\n\n                                                            <a class=\"uk-link-reset\" href=\"https:\/\/learngen.eu\/pt-pt\/2021\/10\/05\/reverse-mentoring-um-caminho-para-normalizar-a-aprendizagem-intergeracional\/\">Reverse mentoring: um caminho para normalizar a aprendizagem intergeracional?<\/a>\n                            \n                            \n                        <\/h2>\n                        \n                        \n                        \n                                                <div class=\"uk-margin\">Reverse mentoring: um caminho para normalizar a aprendizagem intergeracional? Na Il\u00edada, de Homero, a hist\u00f3ria de Tel\u00e9maco, filho de Ulisses,...<\/div>\n                        \n                        \n                                                <p><a class=\"uk-button uk-button-primary\" href=\"https:\/\/learngen.eu\/pt-pt\/2021\/10\/05\/reverse-mentoring-um-caminho-para-normalizar-a-aprendizagem-intergeracional\/\">Saiba mais<\/a><\/p>\n                        \n                    \n                \n            <\/div>\n        <\/div>\n\n    \n        <div >\n            <div class=\"uk-panel uk-transition-toggle\">\n\n                                <a class=\"uk-position-cover uk-position-z-index\" href=\"https:\/\/learngen.eu\/pt-pt\/2021\/10\/05\/primeiros-resultados-do-projeto-testados-em-portugal\/\" title=\"Primeiros resultados do projeto testados em Portugal\"><\/a>\n                \n                \n                                <div class=\"uk-text-center uk-margin uk-margin-remove-top\"><div class=\"uk-inline-clip \"><img decoding=\"async\" src=\"https:\/\/learngen.eu\/wp-content\/uploads\/2021\/10\/pt1.jpg\" class=\" uk-transition-scale-up uk-transition-opaque\" alt=\"Primeiros resultados do projeto testados em Portugal\"><\/div><\/div>\n                \n                \n                    \n                        \n                                                <h2 class=\"uk-h2 uk-margin-remove-top\">\n\n                                                            <a class=\"uk-link-reset\" href=\"https:\/\/learngen.eu\/pt-pt\/2021\/10\/05\/primeiros-resultados-do-projeto-testados-em-portugal\/\">Primeiros resultados do projeto testados em Portugal<\/a>\n                            \n                            \n                        <\/h2>\n                        \n                        \n                        \n                                                <div class=\"uk-margin\">Primeiros resultados do projeto testados em Portugal Primeiros resultados do projeto testados em Portugal A Mindshift realizou no passado dia...<\/div>\n                        \n                        \n                                                <p><a class=\"uk-button uk-button-primary\" href=\"https:\/\/learngen.eu\/pt-pt\/2021\/10\/05\/primeiros-resultados-do-projeto-testados-em-portugal\/\">Saiba mais<\/a><\/p>\n                        \n                    \n                \n            <\/div>\n        <\/div>\n\n    \n        <div >\n            <div class=\"uk-panel uk-transition-toggle\">\n\n                                <a class=\"uk-position-cover uk-position-z-index\" href=\"https:\/\/learngen.eu\/pt-pt\/2021\/06\/17\/trabalhadores-cada-vez-mais-velhos-um-problema-ou-um-mar-de-oportunidades\/\" title=\"Trabalhadores cada vez mais velhos: um problema ou um mar de oportunidades?\"><\/a>\n                \n                \n                                <div class=\"uk-text-center uk-margin uk-margin-remove-top\"><div class=\"uk-inline-clip \"><img decoding=\"async\" src=\"https:\/\/learngen.eu\/wp-content\/uploads\/2021\/06\/people-job-career-recruitment-concept-elegant-50-year-old-female-human-resources-specialist-sitting-desk-writing-down-information-copybook-while-interviewing-male-candidate_344912-1917.jpg\" class=\" uk-transition-scale-up uk-transition-opaque\" alt=\"Trabalhadores cada vez mais velhos: um problema ou um mar de oportunidades?\"><\/div><\/div>\n                \n                \n                    \n                        \n                                                <h2 class=\"uk-h2 uk-margin-remove-top\">\n\n                                                            <a class=\"uk-link-reset\" href=\"https:\/\/learngen.eu\/pt-pt\/2021\/06\/17\/trabalhadores-cada-vez-mais-velhos-um-problema-ou-um-mar-de-oportunidades\/\">Trabalhadores cada vez mais velhos: um problema ou um mar de oportunidades?<\/a>\n                            \n                            \n                        <\/h2>\n                        \n                        \n                        \n                                                <div class=\"uk-margin\">Trabalhadores cada vez mais velhos: um problema ou um mar de oportunidades? \u201cQual seria a sua idade se n\u00e3o soubesse...<\/div>\n                        \n                        \n                                                <p><a class=\"uk-button uk-button-primary\" href=\"https:\/\/learngen.eu\/pt-pt\/2021\/06\/17\/trabalhadores-cada-vez-mais-velhos-um-problema-ou-um-mar-de-oportunidades\/\">Saiba mais<\/a><\/p>\n                        \n                    \n                \n            <\/div>\n        <\/div>\n\n    \n        <div >\n            <div class=\"uk-panel uk-transition-toggle\">\n\n                                <a class=\"uk-position-cover uk-position-z-index\" href=\"https:\/\/learngen.eu\/pt-pt\/2021\/05\/07\/a-mindshift\/\" title=\"O que diz a equipa da Mindshift sobre mentoria e aprendizagem intergeracionais\"><\/a>\n                \n                \n                                <div class=\"uk-text-center uk-margin uk-margin-remove-top\"><div class=\"uk-inline-clip \"><img decoding=\"async\" src=\"https:\/\/learngen.eu\/wp-content\/uploads\/2021\/05\/Mindshift-logo.svg\" class=\" uk-transition-scale-up uk-transition-opaque\" alt=\"O que diz a equipa da Mindshift sobre mentoria e aprendizagem intergeracionais\"><\/div><\/div>\n                \n                \n                    \n                        \n                                                <h2 class=\"uk-h2 uk-margin-remove-top\">\n\n                                                            <a class=\"uk-link-reset\" href=\"https:\/\/learngen.eu\/pt-pt\/2021\/05\/07\/a-mindshift\/\">O que diz a equipa da Mindshift sobre mentoria e aprendizagem intergeracionais<\/a>\n                            \n                            \n                        <\/h2>\n                        \n                        \n                        \n                                                <div class=\"uk-margin\">O que diz a equipa da Mindshift sobre mentoria e aprendizagem intergeracionais Ana Loya, CEO Em 1920,\u00a0Erich Scheurmann\u00a0escreveu \u201co Papalagui\u201d...<\/div>\n                        \n                        \n                                                <p><a class=\"uk-button uk-button-primary\" href=\"https:\/\/learngen.eu\/pt-pt\/2021\/05\/07\/a-mindshift\/\">Saiba mais<\/a><\/p>\n                        \n                    \n                \n            <\/div>\n        <\/div>\n\n    \n    <\/div>\n\n<\/div>\n<p><!--more--><br \/>\n<!-- {\"name\":\"NEWS FINAL\",\"type\":\"layout\",\"children\":[{\"type\":\"section\",\"props\":{\"style\":\"default\",\"width\":\"default\",\"vertical_align\":\"middle\",\"title_position\":\"top-left\",\"title_rotation\":\"left\",\"title_breakpoint\":\"xl\",\"image_position\":\"center-center\"},\"children\":[{\"type\":\"row\",\"children\":[{\"type\":\"column\",\"props\":{\"image_position\":\"center-center\",\"media_overlay_gradient\":\"\"},\"children\":[{\"type\":\"headline\",\"props\":{\"title_element\":\"h2\",\"content\":\"<strong>NOT\\u00cdCIAS<\\\/strong>\",\"title_style\":\"h2\"},\"modified\":\"2021-02-24T06:49:16.335Z\",\"name\":\"Header Other pages\"}]}]}]},{\"type\":\"section\",\"props\":{\"style\":\"default\",\"width\":\"default\",\"vertical_align\":\"middle\",\"title_position\":\"top-left\",\"title_rotation\":\"left\",\"title_breakpoint\":\"xl\",\"image_position\":\"center-center\",\"padding_remove_top\":true},\"children\":[{\"type\":\"row\",\"children\":[{\"type\":\"column\",\"props\":{\"image_position\":\"center-center\",\"media_overlay_gradient\":\"\"},\"children\":[{\"type\":\"text\",\"props\":{\"margin\":\"default\",\"column_breakpoint\":\"m\",\"content\":\"[widgetkit id=\\\"54\\\"]\",\"css\":\".uk-h2 {\\n    font-size: 20px;\\n}\"}}]}]}]}],\"version\":\"2.4.12\"} --><\/p>\n","protected":false},"excerpt":{"rendered":"<p>NOT\u00cdCIAS<\/p>\n","protected":false},"author":1,"featured_media":0,"parent":0,"menu_order":0,"comment_status":"closed","ping_status":"closed","template":"","meta":{"_acf_changed":false,"footnotes":""},"class_list":["post-839","page","type-page","status-publish","hentry"],"acf":[],"_links":{"self":[{"href":"https:\/\/learngen.eu\/pt-pt\/wp-json\/wp\/v2\/pages\/839","targetHints":{"allow":["GET"]}}],"collection":[{"href":"https:\/\/learngen.eu\/pt-pt\/wp-json\/wp\/v2\/pages"}],"about":[{"href":"https:\/\/learngen.eu\/pt-pt\/wp-json\/wp\/v2\/types\/page"}],"author":[{"embeddable":true,"href":"https:\/\/learngen.eu\/pt-pt\/wp-json\/wp\/v2\/users\/1"}],"replies":[{"embeddable":true,"href":"https:\/\/learngen.eu\/pt-pt\/wp-json\/wp\/v2\/comments?post=839"}],"version-history":[{"count":3,"href":"https:\/\/learngen.eu\/pt-pt\/wp-json\/wp\/v2\/pages\/839\/revisions"}],"predecessor-version":[{"id":1166,"href":"https:\/\/learngen.eu\/pt-pt\/wp-json\/wp\/v2\/pages\/839\/revisions\/1166"}],"wp:attachment":[{"href":"https:\/\/learngen.eu\/pt-pt\/wp-json\/wp\/v2\/media?parent=839"}],"curies":[{"name":"wp","href":"https:\/\/api.w.org\/{rel}","templated":true}]}}