{"id":833,"date":"2021-04-09T08:50:13","date_gmt":"2021-04-09T08:50:13","guid":{"rendered":"https:\/\/learngen.eu\/?page_id=833"},"modified":"2021-05-07T07:44:29","modified_gmt":"2021-05-07T07:44:29","slug":"news","status":"publish","type":"page","link":"https:\/\/learngen.eu\/cs\/news\/","title":{"rendered":"Novinky"},"content":{"rendered":"<h2><strong>Zpr\u00e1vy<\/strong><\/h2>\n<div>\n\n    <div id=\"wk-gridea4\" class=\"uk-child-width-1-1 uk-child-width-1-3@l uk-child-width-1-3@xl uk-grid-match uk-text-left widget-news\" uk-height-match=\"target: &gt; div &gt; .uk-panel, &gt; div &gt; .uk-card; row: true\" uk-grid >\n\n    \n        <div >\n            <div class=\"uk-panel uk-transition-toggle\">\n\n                                <a class=\"uk-position-cover uk-position-z-index\" href=\"https:\/\/learngen.eu\/cs\/2022\/12\/12\/valka-zacina-slovy\/\" title=\"V\u00e1lka za\u010d\u00edn\u00e1 slovy\"><\/a>\n                \n                \n                                <div class=\"uk-text-center uk-margin uk-margin-remove-top\"><div class=\"uk-inline-clip \"><img decoding=\"async\" src=\"https:\/\/learngen.eu\/wp-content\/uploads\/2022\/12\/unnamed.jpg\" class=\" uk-transition-scale-up uk-transition-opaque\" alt=\"V\u00e1lka za\u010d\u00edn\u00e1 slovy\"><\/div><\/div>\n                \n                \n                    \n                        \n                                                <h2 class=\"uk-h2 uk-margin-remove-top\">\n\n                                                            <a class=\"uk-link-reset\" href=\"https:\/\/learngen.eu\/cs\/2022\/12\/12\/valka-zacina-slovy\/\">V\u00e1lka za\u010d\u00edn\u00e1 slovy<\/a>\n                            \n                            \n                        <\/h2>\n                        \n                        \n                        \n                        \n                        \n                                                <p><a class=\"uk-button uk-button-primary\" href=\"https:\/\/learngen.eu\/cs\/2022\/12\/12\/valka-zacina-slovy\/\">V\u00edce<\/a><\/p>\n                        \n                    \n                \n            <\/div>\n        <\/div>\n\n    \n        <div >\n            <div class=\"uk-panel uk-transition-toggle\">\n\n                                <a class=\"uk-position-cover uk-position-z-index\" href=\"https:\/\/learngen.eu\/cs\/2022\/10\/13\/pozvanka-sila-rozmanitosti-na-pracovisti-workshopy-networking-posezeni-s-obcerstvenim\/\" title=\"Pozv\u00e1nka: S\u00edla rozmanitosti na pracovi\u0161ti &amp;#8211; workshopy, networking, posezen\u00ed s ob\u010derstven\u00edm\"><\/a>\n                \n                \n                                <div class=\"uk-text-center uk-margin uk-margin-remove-top\"><div class=\"uk-inline-clip \"><img decoding=\"async\" src=\"https:\/\/learngen.eu\/wp-content\/uploads\/2022\/10\/unnamed.jpg\" class=\" uk-transition-scale-up uk-transition-opaque\" alt=\"Pozv\u00e1nka: S\u00edla rozmanitosti na pracovi\u0161ti &#8211; workshopy, networking, posezen\u00ed s ob\u010derstven\u00edm\"><\/div><\/div>\n                \n                \n                    \n                        \n                                                <h2 class=\"uk-h2 uk-margin-remove-top\">\n\n                                                            <a class=\"uk-link-reset\" href=\"https:\/\/learngen.eu\/cs\/2022\/10\/13\/pozvanka-sila-rozmanitosti-na-pracovisti-workshopy-networking-posezeni-s-obcerstvenim\/\">Pozv\u00e1nka: S\u00edla rozmanitosti na pracovi\u0161ti &#8211; workshopy, networking, posezen\u00ed s ob\u010derstven\u00edm<\/a>\n                            \n                            \n                        <\/h2>\n                        \n                        \n                        \n                        \n                        \n                                                <p><a class=\"uk-button uk-button-primary\" href=\"https:\/\/learngen.eu\/cs\/2022\/10\/13\/pozvanka-sila-rozmanitosti-na-pracovisti-workshopy-networking-posezeni-s-obcerstvenim\/\">V\u00edce<\/a><\/p>\n                        \n                    \n                \n            <\/div>\n        <\/div>\n\n    \n        <div >\n            <div class=\"uk-panel uk-transition-toggle\">\n\n                                <a class=\"uk-position-cover uk-position-z-index\" href=\"https:\/\/learngen.eu\/cs\/2022\/09\/05\/mentoring-v-praci-i-v-zivote-pilotni-skoleni-projektu-learngen\/\" title=\"Mentoring v pr\u00e1ci i v \u017eivot\u011b &amp;#8211; pilotn\u00ed \u0161kolen\u00ed projektu LearnGen\"><\/a>\n                \n                \n                                <div class=\"uk-text-center uk-margin uk-margin-remove-top\"><div class=\"uk-inline-clip \"><img decoding=\"async\" src=\"https:\/\/learngen.eu\/wp-content\/uploads\/2022\/09\/unnamed-3.png\" class=\" uk-transition-scale-up uk-transition-opaque\" alt=\"Mentoring v pr\u00e1ci i v \u017eivot\u011b &#8211; pilotn\u00ed \u0161kolen\u00ed projektu LearnGen\"><\/div><\/div>\n                \n                \n                    \n                        \n                                                <h2 class=\"uk-h2 uk-margin-remove-top\">\n\n                                                            <a class=\"uk-link-reset\" href=\"https:\/\/learngen.eu\/cs\/2022\/09\/05\/mentoring-v-praci-i-v-zivote-pilotni-skoleni-projektu-learngen\/\">Mentoring v pr\u00e1ci i v \u017eivot\u011b &#8211; pilotn\u00ed \u0161kolen\u00ed projektu LearnGen<\/a>\n                            \n                            \n                        <\/h2>\n                        \n                        \n                        \n                        \n                        \n                                                <p><a class=\"uk-button uk-button-primary\" href=\"https:\/\/learngen.eu\/cs\/2022\/09\/05\/mentoring-v-praci-i-v-zivote-pilotni-skoleni-projektu-learngen\/\">V\u00edce<\/a><\/p>\n                        \n                    \n                \n            <\/div>\n        <\/div>\n\n    \n        <div >\n            <div class=\"uk-panel uk-transition-toggle\">\n\n                                <a class=\"uk-position-cover uk-position-z-index\" href=\"https:\/\/learngen.eu\/cs\/2022\/08\/02\/digitalni-a-medialni-gramotnost-je-na-pracovisti-nutnosti\/\" title=\"Digit\u00e1ln\u00ed a medi\u00e1ln\u00ed gramotnost je na pracovi\u0161ti nutnost\u00ed\"><\/a>\n                \n                \n                                <div class=\"uk-text-center uk-margin uk-margin-remove-top\"><div class=\"uk-inline-clip \"><img decoding=\"async\" src=\"https:\/\/learngen.eu\/wp-content\/uploads\/2022\/08\/unnamed-1.jpg\" class=\" uk-transition-scale-up uk-transition-opaque\" alt=\"Digit\u00e1ln\u00ed a medi\u00e1ln\u00ed gramotnost je na pracovi\u0161ti nutnost\u00ed\"><\/div><\/div>\n                \n                \n                    \n                        \n                                                <h2 class=\"uk-h2 uk-margin-remove-top\">\n\n                                                            <a class=\"uk-link-reset\" href=\"https:\/\/learngen.eu\/cs\/2022\/08\/02\/digitalni-a-medialni-gramotnost-je-na-pracovisti-nutnosti\/\">Digit\u00e1ln\u00ed a medi\u00e1ln\u00ed gramotnost je na pracovi\u0161ti nutnost\u00ed<\/a>\n                            \n                            \n                        <\/h2>\n                        \n                        \n                        \n                        \n                        \n                                                <p><a class=\"uk-button uk-button-primary\" href=\"https:\/\/learngen.eu\/cs\/2022\/08\/02\/digitalni-a-medialni-gramotnost-je-na-pracovisti-nutnosti\/\">V\u00edce<\/a><\/p>\n                        \n                    \n                \n            <\/div>\n        <\/div>\n\n    \n        <div >\n            <div class=\"uk-panel uk-transition-toggle\">\n\n                                <a class=\"uk-position-cover uk-position-z-index\" href=\"https:\/\/learngen.eu\/cs\/2022\/08\/02\/empatie-v-mentorskem-vztahu\/\" title=\"Empatie v mentorsk\u00e9m vztahu\"><\/a>\n                \n                \n                                <div class=\"uk-text-center uk-margin uk-margin-remove-top\"><div class=\"uk-inline-clip \"><img decoding=\"async\" src=\"https:\/\/learngen.eu\/wp-content\/uploads\/2022\/08\/unnamed-2.png\" class=\" uk-transition-scale-up uk-transition-opaque\" alt=\"Empatie v mentorsk\u00e9m vztahu\"><\/div><\/div>\n                \n                \n                    \n                        \n                                                <h2 class=\"uk-h2 uk-margin-remove-top\">\n\n                                                            <a class=\"uk-link-reset\" href=\"https:\/\/learngen.eu\/cs\/2022\/08\/02\/empatie-v-mentorskem-vztahu\/\">Empatie v mentorsk\u00e9m vztahu<\/a>\n                            \n                            \n                        <\/h2>\n                        \n                        \n                        \n                        \n                        \n                                                <p><a class=\"uk-button uk-button-primary\" href=\"https:\/\/learngen.eu\/cs\/2022\/08\/02\/empatie-v-mentorskem-vztahu\/\">V\u00edce<\/a><\/p>\n                        \n                    \n                \n            <\/div>\n        <\/div>\n\n    \n        <div >\n            <div class=\"uk-panel uk-transition-toggle\">\n\n                                <a class=\"uk-position-cover uk-position-z-index\" href=\"https:\/\/learngen.eu\/cs\/2022\/05\/11\/o-vekove-diverzite-a-praci-mistra-ceremonii-v-hr-s-marketou-pfleger\/\" title=\"O v\u011bkov\u00e9 diverzit\u011b a pr\u00e1ci \u201cmistra ceremoni\u00ed\u201d v HR  s Mark\u00e9tou Pfleger\"><\/a>\n                \n                \n                                <div class=\"uk-text-center uk-margin uk-margin-remove-top\"><div class=\"uk-inline-clip \"><img decoding=\"async\" src=\"https:\/\/learngen.eu\/wp-content\/uploads\/2022\/05\/MarketaPflegerHeadshot.jpeg\" class=\" uk-transition-scale-up uk-transition-opaque\" alt=\"O v\u011bkov\u00e9 diverzit\u011b a pr\u00e1ci \u201cmistra ceremoni\u00ed\u201d v HR  s Mark\u00e9tou Pfleger\"><\/div><\/div>\n                \n                \n                    \n                        \n                                                <h2 class=\"uk-h2 uk-margin-remove-top\">\n\n                                                            <a class=\"uk-link-reset\" href=\"https:\/\/learngen.eu\/cs\/2022\/05\/11\/o-vekove-diverzite-a-praci-mistra-ceremonii-v-hr-s-marketou-pfleger\/\">O v\u011bkov\u00e9 diverzit\u011b a pr\u00e1ci \u201cmistra ceremoni\u00ed\u201d v HR  s Mark\u00e9tou Pfleger<\/a>\n                            \n                            \n                        <\/h2>\n                        \n                        \n                        \n                        \n                        \n                                                <p><a class=\"uk-button uk-button-primary\" href=\"https:\/\/learngen.eu\/cs\/2022\/05\/11\/o-vekove-diverzite-a-praci-mistra-ceremonii-v-hr-s-marketou-pfleger\/\">V\u00edce<\/a><\/p>\n                        \n                    \n                \n            <\/div>\n        <\/div>\n\n    \n        <div >\n            <div class=\"uk-panel uk-transition-toggle\">\n\n                                <a class=\"uk-position-cover uk-position-z-index\" href=\"https:\/\/learngen.eu\/cs\/2022\/02\/14\/jak-na-inkluzivni-komunikaci-v-psane-mluvene-i-vizualni-forme\/\" title=\"Jak na inkluzivn\u00ed komunikaci  v psan\u00e9, mluven\u00e9 i vizu\u00e1ln\u00ed form\u011b\"><\/a>\n                \n                \n                                <div class=\"uk-text-center uk-margin uk-margin-remove-top\"><div class=\"uk-inline-clip \"><img decoding=\"async\" src=\"https:\/\/learngen.eu\/wp-content\/uploads\/2022\/02\/CZ222.png\" class=\" uk-transition-scale-up uk-transition-opaque\" alt=\"Jak na inkluzivn\u00ed komunikaci  v psan\u00e9, mluven\u00e9 i vizu\u00e1ln\u00ed form\u011b\"><\/div><\/div>\n                \n                \n                    \n                        \n                                                <h2 class=\"uk-h2 uk-margin-remove-top\">\n\n                                                            <a class=\"uk-link-reset\" href=\"https:\/\/learngen.eu\/cs\/2022\/02\/14\/jak-na-inkluzivni-komunikaci-v-psane-mluvene-i-vizualni-forme\/\">Jak na inkluzivn\u00ed komunikaci  v psan\u00e9, mluven\u00e9 i vizu\u00e1ln\u00ed form\u011b<\/a>\n                            \n                            \n                        <\/h2>\n                        \n                        \n                        \n                        \n                        \n                                                <p><a class=\"uk-button uk-button-primary\" href=\"https:\/\/learngen.eu\/cs\/2022\/02\/14\/jak-na-inkluzivni-komunikaci-v-psane-mluvene-i-vizualni-forme\/\">V\u00edce<\/a><\/p>\n                        \n                    \n                \n            <\/div>\n        <\/div>\n\n    \n        <div >\n            <div class=\"uk-panel uk-transition-toggle\">\n\n                                <a class=\"uk-position-cover uk-position-z-index\" href=\"https:\/\/learngen.eu\/cs\/2021\/12\/10\/vekova-rozmanitost-na-pracovisti-je-vyhoda-nikoliv-problem\/\" title=\"V\u011bkov\u00e1 rozmanitost na pracovi\u0161ti je v\u00fdhoda, nikoliv probl\u00e9m\"><\/a>\n                \n                \n                                <div class=\"uk-text-center uk-margin uk-margin-remove-top\"><div class=\"uk-inline-clip \"><img decoding=\"async\" src=\"https:\/\/learngen.eu\/wp-content\/uploads\/2021\/12\/cz-november1.png\" class=\" uk-transition-scale-up uk-transition-opaque\" alt=\"V\u011bkov\u00e1 rozmanitost na pracovi\u0161ti je v\u00fdhoda, nikoliv probl\u00e9m\"><\/div><\/div>\n                \n                \n                    \n                        \n                                                <h2 class=\"uk-h2 uk-margin-remove-top\">\n\n                                                            <a class=\"uk-link-reset\" href=\"https:\/\/learngen.eu\/cs\/2021\/12\/10\/vekova-rozmanitost-na-pracovisti-je-vyhoda-nikoliv-problem\/\">V\u011bkov\u00e1 rozmanitost na pracovi\u0161ti je v\u00fdhoda, nikoliv probl\u00e9m<\/a>\n                            \n                            \n                        <\/h2>\n                        \n                        \n                        \n                                                <div class=\"uk-margin\">V\u011bkov\u00e1 rozmanitost na pracovi\u0161ti je v\u00fdhoda, nikoliv probl\u00e9m Pilotn\u00ed \u0161kolen\u00ed mezigenera\u010dn\u00edho kurikula Ve dnech 4. a 6. 10. prob\u011bhlo pilotn\u00ed...<\/div>\n                        \n                        \n                                                <p><a class=\"uk-button uk-button-primary\" href=\"https:\/\/learngen.eu\/cs\/2021\/12\/10\/vekova-rozmanitost-na-pracovisti-je-vyhoda-nikoliv-problem\/\">V\u00edce<\/a><\/p>\n                        \n                    \n                \n            <\/div>\n        <\/div>\n\n    \n        <div >\n            <div class=\"uk-panel uk-transition-toggle\">\n\n                                <a class=\"uk-position-cover uk-position-z-index\" href=\"https:\/\/learngen.eu\/cs\/2021\/09\/23\/learngen-pozvanka-k-pilotnimu-skoleni-pro-hr-odbornikyce\/\" title=\"LearnGen: Pozv\u00e1nka k pilotn\u00edmu \u0161kolen\u00ed pro HR odborn\u00edky*ce\"><\/a>\n                \n                \n                                <div class=\"uk-text-center uk-margin uk-margin-remove-top\"><div class=\"uk-inline-clip \"><img decoding=\"async\" src=\"https:\/\/learngen.eu\/wp-content\/uploads\/2021\/09\/artic-cz-sept.png\" class=\" uk-transition-scale-up uk-transition-opaque\" alt=\"LearnGen: Pozv\u00e1nka k pilotn\u00edmu \u0161kolen\u00ed pro HR odborn\u00edky*ce\"><\/div><\/div>\n                \n                \n                    \n                        \n                                                <h2 class=\"uk-h2 uk-margin-remove-top\">\n\n                                                            <a class=\"uk-link-reset\" href=\"https:\/\/learngen.eu\/cs\/2021\/09\/23\/learngen-pozvanka-k-pilotnimu-skoleni-pro-hr-odbornikyce\/\">LearnGen: Pozv\u00e1nka k pilotn\u00edmu \u0161kolen\u00ed pro HR odborn\u00edky*ce<\/a>\n                            \n                            \n                        <\/h2>\n                        \n                        \n                        \n                                                <div class=\"uk-margin\">LearnGen: Pozv\u00e1nka k pilotn\u00edmu \u0161kolen\u00ed pro HR odborn\u00edky*ce ZDARMA \u010cesk\u00e1 organizace Motion Digital, partnersk\u00e1 strana projektu LearnGen, hled\u00e1 \u00fa\u010dastnice a...<\/div>\n                        \n                        \n                                                <p><a class=\"uk-button uk-button-primary\" href=\"https:\/\/learngen.eu\/cs\/2021\/09\/23\/learngen-pozvanka-k-pilotnimu-skoleni-pro-hr-odbornikyce\/\">V\u00edce<\/a><\/p>\n                        \n                    \n                \n            <\/div>\n        <\/div>\n\n    \n        <div >\n            <div class=\"uk-panel uk-transition-toggle\">\n\n                                <a class=\"uk-position-cover uk-position-z-index\" href=\"https:\/\/learngen.eu\/cs\/2021\/08\/06\/mentoring-a-reverzni-mentoring-muze-pomoci-mezigeneracnimu-uceni-nebo-prohloubit-vekovou-diskriminaci\/\" title=\"Mentoring a reverzn\u00ed mentoring \u2013 m\u016f\u017ee pomoci mezigenera\u010dn\u00edmu u\u010den\u00ed nebo prohloubit v\u011bkovou diskriminaci?\"><\/a>\n                \n                \n                                <div class=\"uk-text-center uk-margin uk-margin-remove-top\"><div class=\"uk-inline-clip \"><img decoding=\"async\" src=\"https:\/\/learngen.eu\/wp-content\/uploads\/2021\/08\/czimg.png\" class=\" uk-transition-scale-up uk-transition-opaque\" alt=\"Mentoring a reverzn\u00ed mentoring \u2013 m\u016f\u017ee pomoci mezigenera\u010dn\u00edmu u\u010den\u00ed nebo prohloubit v\u011bkovou diskriminaci?\"><\/div><\/div>\n                \n                \n                    \n                        \n                                                <h2 class=\"uk-h2 uk-margin-remove-top\">\n\n                                                            <a class=\"uk-link-reset\" href=\"https:\/\/learngen.eu\/cs\/2021\/08\/06\/mentoring-a-reverzni-mentoring-muze-pomoci-mezigeneracnimu-uceni-nebo-prohloubit-vekovou-diskriminaci\/\">Mentoring a reverzn\u00ed mentoring \u2013 m\u016f\u017ee pomoci mezigenera\u010dn\u00edmu u\u010den\u00ed nebo prohloubit v\u011bkovou diskriminaci?<\/a>\n                            \n                            \n                        <\/h2>\n                        \n                        \n                        \n                                                <div class=\"uk-margin\">Mentoring a reverzn\u00ed mentoring \u2013 m\u016f\u017ee pomoci mezigenera\u010dn\u00edmu u\u010den\u00ed nebo prohloubit v\u011bkovou diskriminaci? Co je to mentoring? Mentoring je vlastn\u011b...<\/div>\n                        \n                        \n                                                <p><a class=\"uk-button uk-button-primary\" href=\"https:\/\/learngen.eu\/cs\/2021\/08\/06\/mentoring-a-reverzni-mentoring-muze-pomoci-mezigeneracnimu-uceni-nebo-prohloubit-vekovou-diskriminaci\/\">V\u00edce<\/a><\/p>\n                        \n                    \n                \n            <\/div>\n        <\/div>\n\n    \n        <div >\n            <div class=\"uk-panel uk-transition-toggle\">\n\n                                <a class=\"uk-position-cover uk-position-z-index\" href=\"https:\/\/learngen.eu\/cs\/2021\/06\/07\/ageismus-na-pracovisti-ve-svete-i-v-cechach\/\" title=\"Ageismus na pracovi\u0161ti  ve sv\u011bt\u011b i v \u010cech\u00e1ch\"><\/a>\n                \n                \n                                <div class=\"uk-text-center uk-margin uk-margin-remove-top\"><div class=\"uk-inline-clip \"><img decoding=\"async\" src=\"https:\/\/learngen.eu\/wp-content\/uploads\/2021\/06\/pic1.jpg\" class=\" uk-transition-scale-up uk-transition-opaque\" alt=\"Ageismus na pracovi\u0161ti  ve sv\u011bt\u011b i v \u010cech\u00e1ch\"><\/div><\/div>\n                \n                \n                    \n                        \n                                                <h2 class=\"uk-h2 uk-margin-remove-top\">\n\n                                                            <a class=\"uk-link-reset\" href=\"https:\/\/learngen.eu\/cs\/2021\/06\/07\/ageismus-na-pracovisti-ve-svete-i-v-cechach\/\">Ageismus na pracovi\u0161ti  ve sv\u011bt\u011b i v \u010cech\u00e1ch<\/a>\n                            \n                            \n                        <\/h2>\n                        \n                        \n                        \n                                                <div class=\"uk-margin\">Ageismus na pracovi\u0161ti ve sv\u011bt\u011b i v \u010cech\u00e1ch Co je to ageismus? Pojem ageismus poprv\u00e9 pou\u017eil americk\u00fd psychiatr Robert Butler...<\/div>\n                        \n                        \n                                                <p><a class=\"uk-button uk-button-primary\" href=\"https:\/\/learngen.eu\/cs\/2021\/06\/07\/ageismus-na-pracovisti-ve-svete-i-v-cechach\/\">V\u00edce<\/a><\/p>\n                        \n                    \n                \n            <\/div>\n        <\/div>\n\n    \n        <div >\n            <div class=\"uk-panel uk-transition-toggle\">\n\n                                <a class=\"uk-position-cover uk-position-z-index\" href=\"https:\/\/learngen.eu\/cs\/2021\/04\/09\/md-intro\/\" title=\"Motion Digital, kdo jsme a na\u0161e zapojen\u00ed do projektu LearnGen\"><\/a>\n                \n                \n                                <div class=\"uk-text-center uk-margin uk-margin-remove-top\"><div class=\"uk-inline-clip \"><img decoding=\"async\" src=\"https:\/\/learngen.eu\/wp-content\/uploads\/2021\/03\/motion-digital.png\" class=\" uk-transition-scale-up uk-transition-opaque\" alt=\"Motion Digital, kdo jsme a na\u0161e zapojen\u00ed do projektu LearnGen\"><\/div><\/div>\n                \n                \n                    \n                        \n                                                <h2 class=\"uk-h2 uk-margin-remove-top\">\n\n                                                            <a class=\"uk-link-reset\" href=\"https:\/\/learngen.eu\/cs\/2021\/04\/09\/md-intro\/\">Motion Digital, kdo jsme a na\u0161e zapojen\u00ed do projektu LearnGen<\/a>\n                            \n                            \n                        <\/h2>\n                        \n                        \n                        \n                                                <div class=\"uk-margin\">Motion Digital, kdo jsme a na\u0161e zapojen\u00ed do projektu LearnGen Motion Digital je start-up zalo\u017een\u00fd v roce 2019 se s\u00eddlem...<\/div>\n                        \n                        \n                                                <p><a class=\"uk-button uk-button-primary\" href=\"https:\/\/learngen.eu\/cs\/2021\/04\/09\/md-intro\/\">V\u00edce<\/a><\/p>\n                        \n                    \n                \n            <\/div>\n        <\/div>\n\n    \n    <\/div>\n\n<\/div>\n<p><!--more--><br \/>\n<!-- {\"name\":\"NEWS FINAL\",\"type\":\"layout\",\"children\":[{\"type\":\"section\",\"props\":{\"style\":\"default\",\"width\":\"default\",\"vertical_align\":\"middle\",\"title_position\":\"top-left\",\"title_rotation\":\"left\",\"title_breakpoint\":\"xl\",\"image_position\":\"center-center\"},\"children\":[{\"type\":\"row\",\"children\":[{\"type\":\"column\",\"props\":{\"image_position\":\"center-center\",\"media_overlay_gradient\":\"\"},\"children\":[{\"type\":\"headline\",\"props\":{\"title_element\":\"h2\",\"content\":\"<strong>Zpr\\u00e1vy<\\\/strong>\",\"title_style\":\"h2\"},\"modified\":\"2021-02-24T06:49:16.335Z\",\"name\":\"Header Other pages\"}]}]}]},{\"type\":\"section\",\"props\":{\"style\":\"default\",\"width\":\"default\",\"vertical_align\":\"middle\",\"title_position\":\"top-left\",\"title_rotation\":\"left\",\"title_breakpoint\":\"xl\",\"image_position\":\"center-center\",\"padding_remove_top\":true},\"children\":[{\"type\":\"row\",\"children\":[{\"type\":\"column\",\"props\":{\"image_position\":\"center-center\",\"media_overlay_gradient\":\"\"},\"children\":[{\"type\":\"text\",\"props\":{\"margin\":\"default\",\"column_breakpoint\":\"m\",\"content\":\"[widgetkit id=\\\"56\\\"]\",\"css\":\".uk-h2 {\\n    font-size: 20px;\\n}\"}}]}]}]}],\"version\":\"2.4.12\"} --><\/p>\n","protected":false},"excerpt":{"rendered":"<p>Zpr\u00e1vy<\/p>\n","protected":false},"author":1,"featured_media":0,"parent":0,"menu_order":0,"comment_status":"closed","ping_status":"closed","template":"","meta":{"_acf_changed":false,"footnotes":""},"class_list":["post-833","page","type-page","status-publish","hentry"],"acf":[],"_links":{"self":[{"href":"https:\/\/learngen.eu\/cs\/wp-json\/wp\/v2\/pages\/833","targetHints":{"allow":["GET"]}}],"collection":[{"href":"https:\/\/learngen.eu\/cs\/wp-json\/wp\/v2\/pages"}],"about":[{"href":"https:\/\/learngen.eu\/cs\/wp-json\/wp\/v2\/types\/page"}],"author":[{"embeddable":true,"href":"https:\/\/learngen.eu\/cs\/wp-json\/wp\/v2\/users\/1"}],"replies":[{"embeddable":true,"href":"https:\/\/learngen.eu\/cs\/wp-json\/wp\/v2\/comments?post=833"}],"version-history":[{"count":4,"href":"https:\/\/learngen.eu\/cs\/wp-json\/wp\/v2\/pages\/833\/revisions"}],"predecessor-version":[{"id":1165,"href":"https:\/\/learngen.eu\/cs\/wp-json\/wp\/v2\/pages\/833\/revisions\/1165"}],"wp:attachment":[{"href":"https:\/\/learngen.eu\/cs\/wp-json\/wp\/v2\/media?parent=833"}],"curies":[{"name":"wp","href":"https:\/\/api.w.org\/{rel}","templated":true}]}}