{"id":1109,"date":"2021-05-07T06:17:10","date_gmt":"2021-05-07T06:17:10","guid":{"rendered":"https:\/\/learngen.eu\/?page_id=1109"},"modified":"2021-05-18T13:08:53","modified_gmt":"2021-05-18T13:08:53","slug":"about","status":"publish","type":"page","link":"https:\/\/learngen.eu\/cs\/about\/","title":{"rendered":"O projektu"},"content":{"rendered":"<div>\n<p><a href=\"#id1\" class=\"anchor-active anchor-links anchor1\" uk-scroll>O projektu<\/a><br \/>\n<a href=\"#id1\" class=\"anchor-links anchor2\" uk-scroll>C\u00edle a z\u00e1m\u011bry projektu<\/a> <\/p>\n<div class=\"uk-margin-small\"><\/div>\n<p><a href=\"#id1\" class=\"anchor-links anchor3\" uk-scroll>V\u00fdstupy projektu<\/a><br \/>\n    <a href=\"#id1\" class=\"anchor-links anchor4 \" uk-scroll>Metodologie<\/a><br \/>\n<a href=\"#id1\" class=\"anchor-links anchor5 \" uk-scroll>Partne\u0159i<\/a>\n<\/div>\n<h2><strong>O projektu<\/strong><\/h2>\n<div>\n<p>    <a class=\"tab-1\"><\/p>\n<div class=\"active-tab about-tabs tab11\">\n<div class=\"divimage uk-margin uk-width-large uk-margin-auto uk-text-center\">\n        <img data-src=\"\/wp-content\/uploads\/2021\/05\/Overview.png\" alt=\"Search Tab\" uk-img>\n<\/div>\n<\/div>\n<p><\/a>\n<\/div>\n<div>\n<p>    <a class=\"tab-2\"><\/p>\n<div class=\"about-tabs tab22\">\n<div class=\"divimage uk-margin uk-width-large uk-margin-auto uk-text-center\">\n        <img data-src=\"\/wp-content\/uploads\/2021\/05\/aims.png\" alt=\"Search Tab\" uk-img>\n<\/div>\n<\/div>\n<p><\/a>\n<\/div>\n<div>\n<p>    <a class=\"tab-3\"><\/p>\n<div class=\"about-tabs tab33\">\n<div class=\"divimage uk-margin uk-width-large uk-margin-auto uk-text-center\">\n        <img data-src=\"\/wp-content\/uploads\/2021\/05\/outputs.png\" alt=\"Search Tab\" uk-img><\/p>\n<\/div>\n<\/div>\n<p><\/a>\n<\/div>\n<div>\n<p>    <a class=\"tab-4\"><\/p>\n<div class=\"about-tabs tab44\">\n<div class=\"divimage uk-margin uk-width-large uk-margin-auto uk-text-center\">\n        <img data-src=\"\/wp-content\/uploads\/2021\/05\/methodology.png\" alt=\"Search Tab\" uk-img>\n<\/div>\n<\/div>\n<p><\/a>\n<\/div>\n<div>\n<p>    <a class=\"tab-5\"><\/p>\n<div class=\"about-tabs tab55\">\n<div class=\"divimage uk-margin uk-width-large uk-margin-auto uk-text-center\">\n        <img data-src=\"\/wp-content\/uploads\/2021\/05\/partners.png\" alt=\"Search Tab\" uk-img>\n<\/div>\n<\/div>\n<p><\/a>\n<\/div>\n<h4>O projektu<\/h4>\n<h4>C\u00edle a z\u00e1m\u011bry projektu<\/h4>\n<h4>V\u00fdstupy projektu<\/h4>\n<h4>Metodologie<\/h4>\n<h4>Partne\u0159i projektu<\/h4>\n<hr>\n<div>\n<p>V roce 2017 p\u0159edstavila Evropsk\u00e1 komise strategii inkluze a rozmanitosti, kter\u00e1 m\u00e1 podpo\u0159it rovn\u00e9 pracovn\u00ed p\u0159\u00edle\u017eitosti pro v\u011bkov\u011b star\u0161\u00ed i mlad\u0161\u00ed zam\u011bstnance. LearnGen si vzal tuto strategii za sv\u00e9 a vznikl tak projekt, kter\u00fd se zam\u011b\u0159uje na boj proti segregaci, diskriminaci a soci\u00e1ln\u00edmu vylou\u010den\u00ed marginalizovan\u00fdch pracovn\u00edk\u016f.\n<\/p>\n<p>LearnGen si klade za c\u00edl rozv\u00edjet dovednosti v obou skupin\u00e1ch pracovn\u00edk\u016f tak, aby se od sebe mohli navz\u00e1jem u\u010dit a t\u00edm se stali m\u00e9n\u011b zraniteln\u00fdmi v\u016f\u010di profesion\u00e1ln\u00edm v\u00fdzv\u00e1m a po\u017eadavk\u016fm doby. D\u00edky implementaci inovativn\u00edch postup\u016f na organiza\u010dn\u00ed \u00farovni dostanou star\u0161\u00ed pracovn\u00edci mo\u017enost mentorovat sv\u00e9 mlad\u0161\u00ed kolegy v oblastech, jako jsou strategick\u00e9 a kritick\u00e9 my\u0161len\u00ed a \u0159e\u0161en\u00ed probl\u00e9m\u016f. Mlad\u0161\u00ed pracovn\u00edci pak pomohou star\u0161\u00edm koleg\u016fm rozvinout jejich digit\u00e1ln\u00ed a medi\u00e1ln\u00ed gramotnost.\n<\/p>\n<\/div>\n<div>\n<p><span class=\"in-text-heading uk-text-color-secondary\">1. <\/span>Podpo\u0159it star\u0161\u00ed i mlad\u0161\u00ed pracovn\u00edky p\u0159i rozv\u00edjen\u00ed z\u00e1kladn\u00edch dovednost\u00ed nezbytn\u00fdch pro vz\u00e1jemn\u00e9 u\u010den\u00ed se a vzd\u011bl\u00e1v\u00e1n\u00ed<br \/><span class=\"in-text-heading uk-text-color-secondary\">2. <\/span>Zlep\u0161it spolupr\u00e1ci, znalosti, p\u0159\u00edstup ke \u0161kolen\u00ed a kvalifikac\u00edm pro v\u0161echny<br \/><span class=\"in-text-heading uk-text-color-secondary\">3. <\/span>Podpo\u0159it mana\u017eery a \u0161kolitele mal\u00fdch a st\u0159edn\u00edch podnik\u016f p\u0159i navrhov\u00e1n\u00ed, implementaci a monitorov\u00e1n\u00ed \u00fa\u010dinn\u00fdch strategi\u00ed a postup\u016f podporuj\u00edc\u00edch za\u010dle\u0148ov\u00e1n\u00ed<br \/><span class=\"in-text-heading uk-text-color-secondary\">4. <\/span>Budovat kompetence mana\u017eer\u016f a \u0161kolitel\u016f p\u0159i navrhov\u00e1n\u00ed vzd\u011bl\u00e1vac\u00edch program\u016f pro peer-to-peer mentoring<br \/><span class=\"in-text-heading uk-text-color-secondary\">5. <\/span>P\u0159ekonat nesoulad dovednost\u00ed u zam\u011bstnanc\u016f<\/p>\n<\/div>\n<div>\n<p><span class=\"in-text-heading uk-text-color-secondary\">1. <\/span>Kurikulum pro mezigenera\u010dn\u00ed vzd\u011bl\u00e1v\u00e1n\u00ed<br \/><span class=\"in-text-heading uk-text-color-secondary\">2. <\/span>\u0160kolen\u00ed pro zam\u011bstnance vy\u0161kolen\u00e9 k tomu, aby se stali mentory <br \/><span class=\"in-text-heading uk-text-color-secondary\">3. <\/span>E-learningov\u00e1 platforma a dal\u0161\u00ed otev\u0159en\u00e9 vzd\u011bl\u00e1vac\u00ed zdroje<\/p>\n<\/div>\n<div>\n<p>\n<span class=\"in-text-heading uk-text-color-secondary\">1. Kurikulum pro mezigenera\u010dn\u00ed vzd\u011bl\u00e1v\u00e1n\u00ed<\/span> <\/br><br \/>\nObsah \u0161kolen\u00ed zahrnuje n\u00e1sleduj\u00edc\u00edch 6 modul\u016f:<\/p>\n<p>\n<span class=\"in-text-heading uk-text-color-third\">&bull; Modul 1. <\/span>\u00davod do mezigenera\u010dn\u00edho u\u010den\u00ed <\/br><br \/>\n<span class=\"in-text-heading uk-text-color-third\">&bull; Modul 2. <\/span>Anal\u00fdza k identifikaci pot\u0159eb mezigenera\u010dn\u00edho u\u010den\u00ed v podnik\u00e1n\u00ed<br \/>\n<\/br><br \/>\n<span class=\"in-text-heading uk-text-color-third\">&bull; Modul 3. <\/span>N\u00e1vrhy strategi\u00ed pro mana\u017eery, HR profesion\u00e1ly, poskytovatele odborn\u00e9ho vzd\u011bl\u00e1v\u00e1n\u00ed a p\u0159\u00edpravy pro sni\u017eov\u00e1n\u00ed ageismu a soci\u00e1ln\u00edho vylou\u010den\u00ed na pracovi\u0161ti<\/br><br \/>\n<span class=\"in-text-heading uk-text-color-third\">&bull; Modul 4. <\/span>Implementace, monitoring a hodnocen\u00ed v\u00fd\u0161e uveden\u00fdch strategi\u00ed<\/br><br \/>\n<span class=\"in-text-heading uk-text-color-third\">&bull; Modul 5. <\/span>Kurikulum pro mentory a studijn\u00ed materi\u00e1ly<br \/>\n<\/br><br \/>\n<span class=\"in-text-heading uk-text-color-third\">&bull; Modul 6. <\/span>Implementace, monitoring a hodnocen\u00ed vzd\u011bl\u00e1vac\u00edho programu\n<\/p>\n<p>\nKurikulum odpov\u00edd\u00e1 18 hodin\u00e1m kombinovan\u00e9ho studia. Hlavn\u00edm v\u00fdstupem modul\u016f bude n\u00e1vrh strategick\u00e9ho dokumentu a n\u00e1vrh programu integruj\u00edc\u00ed digit\u00e1ln\u00ed n\u00e1stroje a podporu pro mana\u017eery, \u0161kolitele a personalisty.<br \/>\nPro mana\u017eery, HR profesion\u00e1ly a lektory bude p\u0159ipraven 8hodinov\u00fd workshop dopln\u011bn\u00fd o 5 hodin online samostudia. Samostatn\u00e9\/ skupinov\u00e9 studium bude zahrnovat \u017eivou online v\u00fduku a voliteln\u011b i dal\u0161\u00ed osobn\u00ed setk\u00e1n\u00ed s lektory programu. Na konci se bude konat 5hodinov\u00fd workshop, b\u011bhem kter\u00e9ho \u00fa\u010dastn\u00edci p\u0159edstav\u00ed sv\u00e9 n\u00e1vrhy a strategie p\u0159ipraven\u00e9 na m\u00edru pro sv\u00e9 podniky \u010di podnik\u00e1n\u00ed.\n<\/p>\n<p>\n<span class=\"in-text-heading uk-text-color-secondary\">2. \u0160kolen\u00ed pro zam\u011bstnance k tomu, aby se stali mentory <\/span><\/br><br \/>\nObsah \u0161kolen\u00ed zahrnuje n\u00e1sleduj\u00edc\u00ed 4 moduly:\n<\/p>\n<p>\n<span class=\"in-text-heading uk-text-color-third\">&bull; Modul 1. <\/span>Principy a techniky mentoringu a reverzn\u00edho mentoringu<\/br><br \/>\n<span class=\"in-text-heading uk-text-color-third\">&bull; Modul 2. <\/span>P\u0159ehled kompetenc\u00ed a p\u0159\u00edklady dovednost\u00ed metora<\/br><br \/>\n<span class=\"in-text-heading uk-text-color-third\">&bull; Modul 3. <\/span>Modelov\u00e9 sc\u00e9n\u00e1\u0159e pro n\u00e1cvik rol\u00ed mentor\u2013mentorovan\u00fd<\/br><br \/>\n<span class=\"in-text-heading uk-text-color-third\">&bull; Modul 4. <\/span>Pou\u017eit\u00ed digit\u00e1ln\u00edch n\u00e1stroj\u016f pro pr\u00e1ci s r\u016fzn\u00fdmi v\u011bkov\u00fdmi skupinami zam\u011bstnanc\u016f\n<\/p>\n<p>\nU\u010debn\u00ed pl\u00e1n odpov\u00edd\u00e1 celkem 40 hodin\u00e1m kombinovan\u00e9ho studia. Hlavn\u00edm v\u00fdstupem modul\u016f bude n\u00e1vrh strategick\u00e9ho dokumentu a n\u00e1vrh programu s pou\u017eit\u00edm digit\u00e1ln\u00edch n\u00e1stroj\u016f zohled\u0148uj\u00edc\u00edch m\u00e1lo kvalifikovan\u00e9 a jinak znev\u00fdhodn\u011bn\u00e9 zam\u011bstnance r\u016fzn\u00fdch v\u011bkov\u00fdch skupin.\n<\/p>\n<\/div>\n<div>\n\n<div class=\"slideshow-partners\" uk-slideshow=\"\">\n\n    <div class=\"uk-position-relative uk-visible-toggle\">\n\n        <ul class=\"uk-slideshow-items \" >\n        \n            <li>\n\n                \n                    \n                                        <div class=\"uk-margin\">\n\n    <div id=\"wk-grid7b2\" class=\"uk-child-width-1-1 uk-child-width-1-1@s uk-child-width-1-1@m uk-child-width-1-1@l uk-child-width-1-1@xl uk-grid-match uk-text-left \" uk-height-match=\"target: &gt; div &gt; .uk-panel, &gt; div &gt; .uk-card; row: true\" uk-grid >\n\n    \n        <div >\n            <div class=\"uk-panel\">\n\n                \n                \n                \n                \n                    \n                                                <div class=\"uk-margin uk-text-center\"><img decoding=\"async\" src=\"\/wp-content\/uploads\/2021\/02\/brcci-logo.png\" class=\" uk-transition-scale-up uk-transition-opaque\" alt=\"BRCCI\"><\/div>\n                        \n                        \n                        \n                        \n                                                <div class=\"uk-margin\"><div class=\"uk-margin\">\n<h2 class=\"uk-h2 uk-margin-remove font-20\">BRCCI \u2013 BULHARSKO-RUMUNSK\u00c1 OBCHODN\u00cd A PR\u016eMYSLOV\u00c1 KOMORA \/ BULHARSKO<\/h2>\n<a href=\"https:\/\/brcci.eu\/\" target=\"_blank\" class=\"in-text-heading uk-text-color-third\">www.brcci.eu<\/a>\n<\/div>\n<div class=\"uk-margin\">\n<span class=\"uk-text-color-primary\">Bulharsko-rumunsk\u00e1 obchodn\u00ed a pr\u016fmyslov\u00e1 komora byla zalo\u017eena v roce 2003. Jedn\u00e1 se o specializovanou organizaci zam\u011b\u0159enou na rozvoj podnik\u00e1n\u00ed v Bulharsku a Rumunsku. Komora realizuje aktivity a projekty v oblasti podpory podnik\u00e1n\u00ed, cestovn\u00edho ruchu, ochrany \u017eivotn\u00edho prost\u0159ed\u00ed, inovac\u00ed, bioenergie, odborn\u00e9ho vzd\u011bl\u00e1v\u00e1n\u00ed a p\u0159\u00edpravy. Vytv\u00e1\u0159\u00ed studie trhu, mimo jin\u00e9 ve vztahu k postoj\u016fm k ekonomick\u00fdm \u010dinnostem, anal\u00fdzy odv\u011btv\u00ed s potenci\u00e1lem rozvoje, specializovan\u00fdch slu\u017eeb a zprost\u0159edkov\u00e1n\u00ed pro prezentaci bulharsk\u00e9ho podnik\u00e1n\u00ed v Rumunsku a rumunsk\u00e9ho v Bulharsku prost\u0159ednictv\u00edm specializovan\u00fdch obchodn\u00edch jedn\u00e1n\u00ed, \u0161kolen\u00ed a semin\u00e1\u0159\u016f na aktu\u00e1ln\u00ed t\u00e9mata hospod\u00e1\u0159sk\u00e9ho \u017eivota a mnoho dal\u0161\u00edch. Spolu s institucemi a mezin\u00e1rodn\u00edmi organizacemi spolupracuje na spole\u010dn\u00fdch projektech pro v\u00fdm\u011bnu zku\u0161enost\u00ed a na t\u00e9matech spole\u010dn\u00e9ho z\u00e1jmu souvisej\u00edc\u00edch s rozvojem Podunaj\u00ed.\n<\/span><\/div>\n<\/div>\n                        \n                        \n                        \n                    \n                \n            <\/div>\n        <\/div>\n\n    \n    <\/div>\n\n<\/div>\n                    \n                    \n                \n            <\/li>\n\n        \n            <li>\n\n                \n                    \n                                        <div class=\"uk-margin\">\n\n    <div id=\"wk-grid080\" class=\"uk-child-width-1-1 uk-child-width-1-1@s uk-child-width-1-1@m uk-child-width-1-1@l uk-child-width-1-1@xl uk-grid-match uk-text-left \" uk-height-match=\"target: &gt; div &gt; .uk-panel, &gt; div &gt; .uk-card; row: true\" uk-grid >\n\n    \n        <div >\n            <div class=\"uk-panel\">\n\n                \n                \n                \n                \n                    \n                                                <div class=\"uk-margin uk-text-center\"><img decoding=\"async\" src=\"\/wp-content\/uploads\/2021\/02\/FIPL-logo.png\" class=\" uk-transition-scale-up uk-transition-opaque\" alt=\"FIPL\"><\/div>\n                        \n                        \n                        \n                        \n                                                <div class=\"uk-margin\"><div class=\"uk-margin\">\n<h2 class=\"uk-h2 uk-margin-remove font-20\">FIPL \u2013 FUTURE IN PERSPECTIVE LIMITED \/ IRSKO<\/h2>\n<a href=\"http:\/\/www.futureinperspective.com\/\" target=\"_blank\" class=\"in-text-heading uk-text-color-third\">www.futureinperspective.com<\/a>\n<\/div>\n<div class=\"uk-margin\">\n<span class=\"uk-text-color-primary\">Future In Perspective Limited (FIP) je soukrom\u00e1 spole\u010dnost p\u016fsob\u00edc\u00ed v oblasti rozvoje ml\u00e1de\u017ee, vzd\u011bl\u00e1v\u00e1n\u00ed dosp\u011bl\u00fdch, odborn\u00e9ho vzd\u011bl\u00e1v\u00e1n\u00ed, E-learningu, digit\u00e1ln\u00edch m\u00e9di\u00ed a soci\u00e1ln\u00edho za\u010dlen\u011bn\u00ed. Spole\u010dnost se specializuje na v\u00fdvoj inovativn\u00edch vzd\u011bl\u00e1vac\u00edch materi\u00e1l\u016f a v\u00fdukov\u00fdch program\u016f, specificky zam\u011b\u0159en\u00fdch na poskytovatele vzd\u011bl\u00e1vac\u00edch program\u016f. Spole\u010dnost se v\u011bnuje p\u0159ev\u00e1\u017en\u011b \u0159e\u0161en\u00ed pot\u0159eb u osob na okraji spole\u010dnosti, u nich\u017e selhalo tradi\u010dn\u00ed vzd\u011bl\u00e1v\u00e1n\u00ed. FIP klade zvl\u00e1\u0161tn\u00ed d\u016fraz na vyv\u00edjen\u00ed zp\u016fsob\u016f a cest samostudia a podpory samostatn\u00e9ho vzd\u011bl\u00e1v\u00e1n\u00ed \u201eFree Agent Learners\u201c. K tomu vyu\u017e\u00edv\u00e1 nejnov\u011bj\u0161\u00ed technologie rozv\u00edjej\u00edc\u00ed dovednosti profesion\u00e1l\u016f a dobrovoln\u00edk\u016f pracuj\u00edc\u00edch s ml\u00e1de\u017e\u00ed. C\u00edlov\u00e9 skupin\u011b ml\u00e1de\u017ee tak pom\u00e1h\u00e1 skrze kombinovan\u00e9 formy studia rozv\u00edjet jejich kl\u00ed\u010dov\u00e9 kompetence v jedine\u010dn\u00fdch podm\u00ednk\u00e1ch.<\/span><\/div><\/div>\n                        \n                        \n                        \n                    \n                \n            <\/div>\n        <\/div>\n\n    \n    <\/div>\n\n<\/div>\n                    \n                    \n                \n            <\/li>\n\n        \n            <li>\n\n                \n                    \n                                        <div class=\"uk-margin\">\n\n    <div id=\"wk-grid722\" class=\"uk-child-width-1-1 uk-child-width-1-1@s uk-child-width-1-1@m uk-child-width-1-1@l uk-child-width-1-1@xl uk-grid-match uk-text-left \" uk-height-match=\"target: &gt; div &gt; .uk-panel, &gt; div &gt; .uk-card; row: true\" uk-grid >\n\n    \n        <div >\n            <div class=\"uk-panel\">\n\n                \n                \n                \n                \n                    \n                                                <div class=\"uk-margin uk-text-center\"><img decoding=\"async\" src=\"\/wp-content\/uploads\/2021\/02\/Mindshift-logo.svg\" class=\" uk-transition-scale-up uk-transition-opaque\" alt=\"MINDSHIFT\"><\/div>\n                        \n                        \n                        \n                        \n                                                <div class=\"uk-margin\"><div class=\"uk-margin\">\n<h2 class=\"uk-h2 uk-margin-remove font-20\">MINDSHIFT \/ PORTUGALSKO<\/h2>\n<a href=\"https:\/\/www.mindshift.pt\/\" target=\"_blank\" class=\"in-text-heading uk-text-color-third\">www.mindshift.pt<\/a>\n<\/div>\n<div class=\"uk-margin\">\n<span class=\"uk-text-color-primary\">Mindshift Talent Advisory je za\u010d\u00ednaj\u00edc\u00ed startup zalo\u017een\u00fd v roce 2016 v Lisabonu s v\u00fdrazn\u00fdm zam\u011b\u0159en\u00edm na digit\u00e1ln\u00ed transformaci v oblasti HR. Mindshift funguje na n\u00e1rodn\u00ed i mezin\u00e1rodn\u00ed \u00farovni a kombinuje poskytov\u00e1n\u00ed kvalitn\u00edch slu\u017eeb s digit\u00e1ln\u00edmi odborn\u00edky, technologiemi, gamifikac\u00ed, poradenstv\u00edm a kreativitou, co\u017e spole\u010dnostem umo\u017e\u0148uje posilovat jejich pracovn\u00ed s\u00edlu, inovovat a b\u00fdt l\u00eddry na trhu.<\/span><\/div><\/div>\n                        \n                        \n                        \n                    \n                \n            <\/div>\n        <\/div>\n\n    \n    <\/div>\n\n<\/div>\n                    \n                    \n                \n            <\/li>\n\n        \n            <li>\n\n                \n                    \n                                        <div class=\"uk-margin\">\n\n    <div id=\"wk-gridd60\" class=\"uk-child-width-1-1 uk-child-width-1-1@s uk-child-width-1-1@m uk-child-width-1-1@l uk-child-width-1-1@xl uk-grid-match uk-text-left \" uk-height-match=\"target: &gt; div &gt; .uk-panel, &gt; div &gt; .uk-card; row: true\" uk-grid >\n\n    \n        <div >\n            <div class=\"uk-panel\">\n\n                \n                \n                \n                \n                    \n                                                <div class=\"uk-margin uk-text-center\"><img decoding=\"async\" src=\"\/wp-content\/uploads\/2021\/02\/Artwork-28.svg\" class=\" uk-transition-scale-up uk-transition-opaque\" alt=\"CARDET\"><\/div>\n                        \n                        \n                        \n                        \n                                                <div class=\"uk-margin\"><div class=\"uk-margin\">\n<h2 class=\"uk-h2 uk-margin-remove font-20\">CARDET\/ KYPR<\/h2>\n<a href=\"https:\/\/www.cardet.org\/\" target=\"_blank\" class=\"in-text-heading uk-text-color-third\">www.cardet.org<\/a>\n<\/div>\n<div class=\"uk-margin\">\n<span class=\"uk-text-color-primary\">CARDET je jedn\u00edm z p\u0159edn\u00edch v\u00fdzkumn\u00fdch a v\u00fdvojov\u00fdch center ve st\u0159edomo\u0159sk\u00e9m regionu s glob\u00e1ln\u00edmi odborn\u00fdmi znalostmi v oblasti navrhov\u00e1n\u00ed a implementace projekt\u016f, budov\u00e1n\u00ed kapacit, odborn\u00e9ho vzd\u011bl\u00e1v\u00e1n\u00ed a p\u0159\u00edpravy a E-learningu. CARDET je nez\u00e1visle napojen na univerzity a instituce z cel\u00e9ho sv\u011bta, jako jsou Yale University, University of Nicosia a International Council of Educational Media.\n<\/span><\/div><\/div>\n                        \n                        \n                        \n                    \n                \n            <\/div>\n        <\/div>\n\n    \n    <\/div>\n\n<\/div>\n                    \n                    \n                \n            <\/li>\n\n        \n            <li>\n\n                \n                    \n                                        <div class=\"uk-margin\">\n\n    <div id=\"wk-grid4b1\" class=\"uk-child-width-1-1 uk-child-width-1-1@s uk-child-width-1-1@m uk-child-width-1-1@l uk-child-width-1-1@xl uk-grid-match uk-text-left \" uk-height-match=\"target: &gt; div &gt; .uk-panel, &gt; div &gt; .uk-card; row: true\" uk-grid >\n\n    \n        <div >\n            <div class=\"uk-panel\">\n\n                \n                \n                \n                \n                    \n                                                <div class=\"uk-margin uk-text-center\"><img decoding=\"async\" src=\"\/wp-content\/uploads\/2021\/03\/motion-digital.png\" class=\" uk-transition-scale-up uk-transition-opaque\" alt=\"Motion Digital s.r.o. \/ CZECH REPUBLIC\"><\/div>\n                        \n                        \n                        \n                        \n                                                <div class=\"uk-margin\"><div class=\"uk-margin\">\n<h2 class=\"uk-h2 uk-margin-remove font-20\">Motion Digital s.r.o. \/ CZECH REPUBLIC<\/h2>\n<a href=\"https:\/\/www.motion-digital.eu\/\" target=\"_blank\" class=\"in-text-heading uk-text-color-third\">www.motion-digital.eu<\/a>\n<\/div>\n<div class=\"uk-margin\">\n<span class=\"uk-text-color-primary\"><p>Motion Digital je startup zalo\u017een\u00fd v roce 2019 se s\u00eddlem v \u010cesk\u00e9 republice. Jeho mis\u00ed je obohacovat \u017eivot lid\u00ed v udr\u017eiteln\u00e9m prost\u0159ed\u00ed pomoc\u00ed technologi\u00ed, exponenci\u00e1ln\u00edho r\u016fstu a lidsk\u00e9ho rozvoje. Z\u00e1m\u011brem je podporovat lidi v celo\u017eivotn\u00edm vzd\u011bl\u00e1v\u00e1n\u00ed tak, aby vzali sv\u016fj \u017eivot do sv\u00fdch rukou a stali se hybnou silou v systematick\u00fdch zm\u011bn\u00e1ch s c\u00edlem zlep\u0161it kvalitu \u017eivota.<\/p>\n<p>Mezi hlavn\u00ed hodnoty pat\u0159\u00ed:\n<ul>\n<li>diverzita & inkluze<\/li>\n<li>odpov\u011bdnost & udr\u017eitelnost<\/li>\n<li>Growth Mindset \u2013 r\u016fstov\u00e9 my\u0161len\u00ed<\/li>\n<li>up\u0159\u00edmnost & integrita<\/li>\n<\/ul>\n<\/p><p>V r\u00e1mci sv\u00e9 mise spolupracuje s dal\u0161\u00edmi organizacemi a vzd\u011bl\u00e1vac\u00edmi institucemi v Evrop\u011b s podobn\u00fdm z\u00e1m\u011brem a pod\u00edl\u00ed se s nimi na mezin\u00e1rodn\u00edch projektech financovan\u00fdch z fond\u016f Erasmus+ s t\u00e9matikou wellbeingu, inkluze a udr\u017eitelnosti.\n<\/p>\n\n<\/span><\/div><\/div>\n                        \n                        \n                        \n                    \n                \n            <\/div>\n        <\/div>\n\n    \n    <\/div>\n\n<\/div>\n                    \n                    \n                \n            <\/li>\n\n        \n            <li>\n\n                \n                    \n                                        <div class=\"uk-margin\">\n\n    <div id=\"wk-gridb25\" class=\"uk-child-width-1-1 uk-child-width-1-1@s uk-child-width-1-1@m uk-child-width-1-1@l uk-child-width-1-1@xl uk-grid-match uk-text-left \" uk-height-match=\"target: &gt; div &gt; .uk-panel, &gt; div &gt; .uk-card; row: true\" uk-grid >\n\n    \n        <div >\n            <div class=\"uk-panel\">\n\n                \n                \n                \n                \n                    \n                                                <div class=\"uk-margin uk-text-center\"><img decoding=\"async\" src=\"\/wp-content\/uploads\/2021\/02\/Institute-of-development-04.png\" class=\" uk-transition-scale-up uk-transition-opaque\" alt=\"INSTITUTE OF DEVELOPMENT \/ CYPRUS\"><\/div>\n                        \n                        \n                        \n                        \n                                                <div class=\"uk-margin\"><div class=\"uk-margin\">\n<h2 class=\"uk-h2 uk-margin-remove font-20\">INSTITUTE OF DEVELOPMENT \/ KYPR<\/h2>\n<a href=\"https:\/\/iodevelopment.eu\/\" target=\"_blank\" class=\"in-text-heading uk-text-color-third\">www.iodevelopment.eu<\/a>\n<\/div>\n<div class=\"uk-margin\">\n<span class=\"uk-text-color-primary\">Institute of Development (Institut pro rozvoj) byl zalo\u017een v roce 2003. Prov\u00e1d\u00ed v\u00fdzkum a nab\u00edz\u00ed \u0161kolen\u00ed a konzultace t\u00fdkaj\u00edc\u00ed se spole\u010densk\u00fdch a organiza\u010dn\u00edch v\u00fdzev. Jeho viz\u00ed je p\u0159isp\u00edvat ke zlep\u0161ov\u00e1n\u00ed kvality \u017eivota spole\u010dnosti prost\u0159ednictv\u00edm neust\u00e1l\u00e9ho rozvoje jednotlivce, rodiny, lidsk\u00fdch zdroj\u016f v oblastech podnik\u00e1n\u00ed a vzd\u011bl\u00e1vac\u00edch organizac\u00ed. Zam\u011b\u0159uje se na podporu pozitivn\u00edho n\u00e1zoru na \u017eivotn\u00ed a pracovn\u00ed zku\u0161enosti, zv\u00fd\u0161en\u00ed kreativity, odolnosti, dobr\u00fdch \u017eivotn\u00edch podm\u00ednek, zapojen\u00ed a celkov\u00e9ho v\u00fdkonu jednotlivc\u016f i organizac\u00ed.\n<\/span><\/div><\/div>\n                        \n                        \n                        \n                    \n                \n            <\/div>\n        <\/div>\n\n    \n    <\/div>\n\n<\/div>\n                    \n                    \n                \n            <\/li>\n\n        \n            <li>\n\n                \n                    \n                                        <div class=\"uk-margin\">\n\n    <div id=\"wk-grid183\" class=\"uk-child-width-1-1 uk-child-width-1-1@s uk-child-width-1-1@m uk-child-width-1-1@l uk-child-width-1-1@xl uk-grid-match uk-text-left \" uk-height-match=\"target: &gt; div &gt; .uk-panel, &gt; div &gt; .uk-card; row: true\" uk-grid >\n\n    \n        <div >\n            <div class=\"uk-panel\">\n\n                \n                \n                \n                \n                    \n                                                <div class=\"uk-margin uk-text-center\"><img decoding=\"async\" src=\"\/wp-content\/uploads\/2021\/02\/P4_Eurotraining.png\" class=\" uk-transition-scale-up uk-transition-opaque\" alt=\"EUROTRAINING EDUCATIONAL ORGANIZATION\"><\/div>\n                        \n                        \n                        \n                        \n                                                <div class=\"uk-margin\"><div class=\"uk-margin\">\n<h2 class=\"uk-h2 uk-margin-remove font-20\">EUROTRAINING EDUCATIONAL ORGANIZATION  \/ \u0158ECKO<\/h2>\n<a href=\"https:\/\/www.eurotraining.gr\/\" target=\"_blank\" class=\"in-text-heading uk-text-color-third\">www.eurotraining.gr<\/a>\n<\/div>\n<div class=\"uk-margin\">\n<span class=\"uk-text-color-primary\">\u0395UROTraining je vzd\u011bl\u00e1vac\u00ed organizace celost\u00e1tn\u00edho rozsahu se specializac\u00ed na odv\u011btv\u00ed nov\u00fdch technologi\u00ed a ICT, podnik\u00e1n\u00ed, finan\u010dn\u00edho managementu, cestovn\u00edho ruchu, um\u011bn\u00ed a kultury, energetiky, zem\u011bd\u011blstv\u00ed a akvakultury.\nEUROtraining c\u00edl\u00ed na pot\u0159eby podnik\u016f, org\u00e1n\u016f a organizac\u00ed ve ve\u0159ejn\u00e9m i soukrom\u00e9m sektoru. Zam\u011b\u0159uje se na pracovn\u00ed potenci\u00e1l trhu, speci\u00e1ln\u011b na nezam\u011bstnan\u00e9, nov\u011b p\u0159\u00edchoz\u00ed zam\u011bstnance, osoby se zdravotn\u00edm posti\u017een\u00edm, podnikatele, absolventy st\u0159edn\u00edch a vysok\u00fdch \u0161kol. Kl\u00ed\u010dov\u00fdmi aktivitami jsou modern\u00ed programy odborn\u00e9ho vzd\u011bl\u00e1v\u00e1n\u00ed (kombinovan\u00e9 u\u010den\u00ed s vyu\u017eit\u00edm ICT), webov\u00e9 syst\u00e9my pro \u0159\u00edzen\u00ed u\u010den\u00ed, semin\u00e1\u0159e \u0161kolen\u00ed lidsk\u00fdch zdroj\u016f, semin\u00e1\u0159e.\n<\/span><\/div><\/div>\n                        \n                        \n                        \n                    \n                \n            <\/div>\n        <\/div>\n\n    \n    <\/div>\n\n<\/div>\n                    \n                    \n                \n            <\/li>\n\n                <\/ul>\n\n        \n            \n                <a href=\"#\" class=\"uk-position-center-left uk-position-small uk-hidden-hover\" uk-slidenav-previous uk-slideshow-item=\"previous\"><\/a>\n                <a href=\"#\" class=\"uk-position-center-right uk-position-small uk-hidden-hover\" uk-slidenav-next uk-slideshow-item=\"next\"><\/a>\n\n            \n        \n        \n    <\/div>\n\n        <div class=\"uk-margin\">\n        \n<ul class=\"uk-dotnav uk-flex-center\" uk-margin>\n    <li uk-slideshow-item=\"0\"><a href=\"#\">BRCCI<\/a><\/li>\n    <li uk-slideshow-item=\"1\"><a href=\"#\">FIPL<\/a><\/li>\n    <li uk-slideshow-item=\"2\"><a href=\"#\">MINDSHIFT<\/a><\/li>\n    <li uk-slideshow-item=\"3\"><a href=\"#\">CARDET<\/a><\/li>\n    <li uk-slideshow-item=\"4\"><a href=\"#\">Motion Digital<\/a><\/li>\n    <li uk-slideshow-item=\"5\"><a href=\"#\">INSTITUTE OF DEVELOPMENT<\/a><\/li>\n    <li uk-slideshow-item=\"6\"><a href=\"#\">EUROTRAINING EDUCATIONAL ORGANIZATION<\/a><\/li>\n<\/ul>\n    <\/div>\n    \n<\/div>\n\n<\/div>\n<h2>O projektu<\/h2>\n<hr>\n<div>\n<p>V roce 2017 p\u0159edstavila Evropsk\u00e1 komise strategii inkluze a rozmanitosti, kter\u00e1 m\u00e1 podpo\u0159it rovn\u00e9 pracovn\u00ed p\u0159\u00edle\u017eitosti pro v\u011bkov\u011b star\u0161\u00ed i mlad\u0161\u00ed zam\u011bstnance. LearnGen si vzal tuto strategii za sv\u00e9 a vznikl tak projekt, kter\u00fd se zam\u011b\u0159uje na boj proti segregaci, diskriminaci a soci\u00e1ln\u00edmu vylou\u010den\u00ed marginalizovan\u00fdch pracovn\u00edk\u016f.\n<\/p>\n<p>LearnGen si klade za c\u00edl rozv\u00edjet dovednosti v obou skupin\u00e1ch pracovn\u00edk\u016f tak, aby se od sebe mohli navz\u00e1jem u\u010dit a t\u00edm se stali m\u00e9n\u011b zraniteln\u00fdmi v\u016f\u010di profesion\u00e1ln\u00edm v\u00fdzv\u00e1m a po\u017eadavk\u016fm doby. D\u00edky implementaci inovativn\u00edch postup\u016f na organiza\u010dn\u00ed \u00farovni dostanou star\u0161\u00ed pracovn\u00edci mo\u017enost mentorovat sv\u00e9 mlad\u0161\u00ed kolegy v oblastech, jako jsou strategick\u00e9 a kritick\u00e9 my\u0161len\u00ed a \u0159e\u0161en\u00ed probl\u00e9m\u016f. Mlad\u0161\u00ed pracovn\u00edci pak pomohou star\u0161\u00edm koleg\u016fm rozvinout jejich digit\u00e1ln\u00ed a medi\u00e1ln\u00ed gramotnost.\n<\/p>\n<\/div>\n<h2>C\u00edle a z\u00e1m\u011bry projektu<\/h2>\n<hr>\n<div>\n<p><span class=\"in-text-heading uk-text-color-secondary\">1. <\/span>Podpo\u0159it star\u0161\u00ed i mlad\u0161\u00ed pracovn\u00edky p\u0159i rozv\u00edjen\u00ed z\u00e1kladn\u00edch dovednost\u00ed nezbytn\u00fdch pro vz\u00e1jemn\u00e9 u\u010den\u00ed se a vzd\u011bl\u00e1v\u00e1n\u00ed<br \/><span class=\"in-text-heading uk-text-color-secondary\">2. <\/span>Zlep\u0161it spolupr\u00e1ci, znalosti, p\u0159\u00edstup ke \u0161kolen\u00ed a kvalifikac\u00edm pro v\u0161echny<br \/><span class=\"in-text-heading uk-text-color-secondary\">3. <\/span>Podpo\u0159it mana\u017eery a \u0161kolitele mal\u00fdch a st\u0159edn\u00edch podnik\u016f p\u0159i navrhov\u00e1n\u00ed, implementaci a monitorov\u00e1n\u00ed \u00fa\u010dinn\u00fdch strategi\u00ed a postup\u016f podporuj\u00edc\u00edch za\u010dle\u0148ov\u00e1n\u00ed<br \/><span class=\"in-text-heading uk-text-color-secondary\">4. <\/span>Budovat kompetence mana\u017eer\u016f a \u0161kolitel\u016f p\u0159i navrhov\u00e1n\u00ed vzd\u011bl\u00e1vac\u00edch program\u016f pro peer-to-peer mentoring<br \/><span class=\"in-text-heading uk-text-color-secondary\">5. <\/span>P\u0159ekonat nesoulad dovednost\u00ed u zam\u011bstnanc\u016f<\/p>\n<\/div>\n<h2>V\u00fdstupy projektu<\/h2>\n<hr>\n<div>\n<p><span class=\"in-text-heading uk-text-color-secondary\">1. <\/span>Kurikulum pro mezigenera\u010dn\u00ed vzd\u011bl\u00e1v\u00e1n\u00ed<br \/><span class=\"in-text-heading uk-text-color-secondary\">2. <\/span>\u0160kolen\u00ed pro zam\u011bstnance vy\u0161kolen\u00e9 k tomu, aby se stali mentory <br \/><span class=\"in-text-heading uk-text-color-secondary\">3. <\/span>E-learningov\u00e1 platforma a dal\u0161\u00ed otev\u0159en\u00e9 vzd\u011bl\u00e1vac\u00ed zdroje<\/p>\n<\/div>\n<h2>Metodologie<\/h2>\n<hr>\n<div>\n<p>\n<span class=\"in-text-heading uk-text-color-secondary\">1. Kurikulum pro mezigenera\u010dn\u00ed vzd\u011bl\u00e1v\u00e1n\u00ed<\/span> <\/br><br \/>\nObsah \u0161kolen\u00ed zahrnuje n\u00e1sleduj\u00edc\u00edch 6 modul\u016f:<\/p>\n<p>\n<span class=\"in-text-heading uk-text-color-third\">&bull; Modul 1. <\/span>\u00davod do mezigenera\u010dn\u00edho u\u010den\u00ed <\/br><br \/>\n<span class=\"in-text-heading uk-text-color-third\">&bull; Modul 2. <\/span>Anal\u00fdza k identifikaci pot\u0159eb mezigenera\u010dn\u00edho u\u010den\u00ed v podnik\u00e1n\u00ed<br \/>\n<\/br><br \/>\n<span class=\"in-text-heading uk-text-color-third\">&bull; Modul 3. <\/span>N\u00e1vrhy strategi\u00ed pro mana\u017eery, HR profesion\u00e1ly, poskytovatele odborn\u00e9ho vzd\u011bl\u00e1v\u00e1n\u00ed a p\u0159\u00edpravy pro sni\u017eov\u00e1n\u00ed ageismu a soci\u00e1ln\u00edho vylou\u010den\u00ed na pracovi\u0161ti<\/br><br \/>\n<span class=\"in-text-heading uk-text-color-third\">&bull; Modul 4. <\/span>Implementace, monitoring a hodnocen\u00ed v\u00fd\u0161e uveden\u00fdch strategi\u00ed<\/br><br \/>\n<span class=\"in-text-heading uk-text-color-third\">&bull; Modul 5. <\/span>Kurikulum pro mentory a studijn\u00ed materi\u00e1ly<br \/>\n<\/br><br \/>\n<span class=\"in-text-heading uk-text-color-third\">&bull; Modul 6. <\/span>Implementace, monitoring a hodnocen\u00ed vzd\u011bl\u00e1vac\u00edho programu\n<\/p>\n<p>\nKurikulum odpov\u00edd\u00e1 18 hodin\u00e1m kombinovan\u00e9ho studia. Hlavn\u00edm v\u00fdstupem modul\u016f bude n\u00e1vrh strategick\u00e9ho dokumentu a n\u00e1vrh programu integruj\u00edc\u00ed digit\u00e1ln\u00ed n\u00e1stroje a podporu pro mana\u017eery, \u0161kolitele a personalisty.<br \/>\nPro mana\u017eery, HR profesion\u00e1ly a lektory bude p\u0159ipraven 8hodinov\u00fd workshop dopln\u011bn\u00fd o 5 hodin online samostudia. Samostatn\u00e9\/ skupinov\u00e9 studium bude zahrnovat \u017eivou online v\u00fduku a voliteln\u011b i dal\u0161\u00ed osobn\u00ed setk\u00e1n\u00ed s lektory programu. Na konci se bude konat 5hodinov\u00fd workshop, b\u011bhem kter\u00e9ho \u00fa\u010dastn\u00edci p\u0159edstav\u00ed sv\u00e9 n\u00e1vrhy a strategie p\u0159ipraven\u00e9 na m\u00edru pro sv\u00e9 podniky \u010di podnik\u00e1n\u00ed.\n<\/p>\n<p>\n<span class=\"in-text-heading uk-text-color-secondary\">2. \u0160kolen\u00ed pro zam\u011bstnance k tomu, aby se stali mentory <\/span><\/br><br \/>\nObsah \u0161kolen\u00ed zahrnuje n\u00e1sleduj\u00edc\u00ed 4 moduly:\n<\/p>\n<p>\n<span class=\"in-text-heading uk-text-color-third\">&bull; Modul 1. <\/span>Principy a techniky mentoringu a reverzn\u00edho mentoringu<\/br><br \/>\n<span class=\"in-text-heading uk-text-color-third\">&bull; Modul 2. <\/span>P\u0159ehled kompetenc\u00ed a p\u0159\u00edklady dovednost\u00ed metora<\/br><br \/>\n<span class=\"in-text-heading uk-text-color-third\">&bull; Modul 3. <\/span>Modelov\u00e9 sc\u00e9n\u00e1\u0159e pro n\u00e1cvik rol\u00ed mentor\u2013mentorovan\u00fd<\/br><br \/>\n<span class=\"in-text-heading uk-text-color-third\">&bull; Modul 4. <\/span>Pou\u017eit\u00ed digit\u00e1ln\u00edch n\u00e1stroj\u016f pro pr\u00e1ci s r\u016fzn\u00fdmi v\u011bkov\u00fdmi skupinami zam\u011bstnanc\u016f\n<\/p>\n<p>\nU\u010debn\u00ed pl\u00e1n odpov\u00edd\u00e1 celkem 40 hodin\u00e1m kombinovan\u00e9ho studia. Hlavn\u00edm v\u00fdstupem modul\u016f bude n\u00e1vrh strategick\u00e9ho dokumentu a n\u00e1vrh programu s pou\u017eit\u00edm digit\u00e1ln\u00edch n\u00e1stroj\u016f zohled\u0148uj\u00edc\u00edch m\u00e1lo kvalifikovan\u00e9 a jinak znev\u00fdhodn\u011bn\u00e9 zam\u011bstnance r\u016fzn\u00fdch v\u011bkov\u00fdch skupin.\n<\/p>\n<\/div>\n<h2>Partne\u0159i projektu<\/h2>\n<hr>\n<div>\n\n<div class=\" slideshow-partnersm\" uk-slider=\"sets: true; finite: true\">\n\n    \n    <div class=\"uk-position-relative uk-visible-toggle uk-margin\">\n\n        <ul class=\"uk-slider-items uk-grid uk-grid-match uk-child-width-1-1 uk-child-width-1-1@s uk-child-width-1-1@m uk-child-width-1-1@l uk-child-width-1-1@xl\">\n        \n            <li >\n\n                <div class=\"uk-panel uk-text-center\">\n\n                    \n                    \n                    \n                    \n                        \n                        \n                        \n                                                <div class=\"uk-margin\">\n\n    <div id=\"wk-gridce6\" class=\"uk-child-width-1-1 uk-child-width-1-1@s uk-child-width-1-1@m uk-child-width-1-1@l uk-child-width-1-1@xl uk-grid-match uk-text-left \" uk-height-match=\"target: &gt; div &gt; .uk-panel, &gt; div &gt; .uk-card; row: true\" uk-grid >\n\n    \n        <div >\n            <div class=\"uk-panel\">\n\n                \n                \n                \n                \n                    \n                                                <div class=\"uk-margin uk-text-center\"><img decoding=\"async\" src=\"\/wp-content\/uploads\/2021\/02\/brcci-logo.png\" class=\" uk-transition-scale-up uk-transition-opaque\" alt=\"BRCCI\"><\/div>\n                        \n                        \n                        \n                        \n                                                <div class=\"uk-margin\"><div class=\"uk-margin\">\n<h2 class=\"uk-h2 uk-margin-remove font-20\">BRCCI \u2013 BULHARSKO-RUMUNSK\u00c1 OBCHODN\u00cd A PR\u016eMYSLOV\u00c1 KOMORA \/ BULHARSKO<\/h2>\n<a href=\"https:\/\/brcci.eu\/\" target=\"_blank\" class=\"in-text-heading uk-text-color-third\">www.brcci.eu<\/a>\n<\/div>\n<div class=\"uk-margin\">\n<span class=\"uk-text-color-primary\">Bulharsko-rumunsk\u00e1 obchodn\u00ed a pr\u016fmyslov\u00e1 komora byla zalo\u017eena v roce 2003. Jedn\u00e1 se o specializovanou organizaci zam\u011b\u0159enou na rozvoj podnik\u00e1n\u00ed v Bulharsku a Rumunsku. Komora realizuje aktivity a projekty v oblasti podpory podnik\u00e1n\u00ed, cestovn\u00edho ruchu, ochrany \u017eivotn\u00edho prost\u0159ed\u00ed, inovac\u00ed, bioenergie, odborn\u00e9ho vzd\u011bl\u00e1v\u00e1n\u00ed a p\u0159\u00edpravy. Vytv\u00e1\u0159\u00ed studie trhu, mimo jin\u00e9 ve vztahu k postoj\u016fm k ekonomick\u00fdm \u010dinnostem, anal\u00fdzy odv\u011btv\u00ed s potenci\u00e1lem rozvoje, specializovan\u00fdch slu\u017eeb a zprost\u0159edkov\u00e1n\u00ed pro prezentaci bulharsk\u00e9ho podnik\u00e1n\u00ed v Rumunsku a rumunsk\u00e9ho v Bulharsku prost\u0159ednictv\u00edm specializovan\u00fdch obchodn\u00edch jedn\u00e1n\u00ed, \u0161kolen\u00ed a semin\u00e1\u0159\u016f na aktu\u00e1ln\u00ed t\u00e9mata hospod\u00e1\u0159sk\u00e9ho \u017eivota a mnoho dal\u0161\u00edch. Spolu s institucemi a mezin\u00e1rodn\u00edmi organizacemi spolupracuje na spole\u010dn\u00fdch projektech pro v\u00fdm\u011bnu zku\u0161enost\u00ed a na t\u00e9matech spole\u010dn\u00e9ho z\u00e1jmu souvisej\u00edc\u00edch s rozvojem Podunaj\u00ed.\n<\/span><\/div>\n<\/div>\n                        \n                        \n                        \n                    \n                \n            <\/div>\n        <\/div>\n\n    \n    <\/div>\n\n<\/div>\n                        \n                        \n                        \n                        \n                    \n                <\/div>\n\n            <\/li>\n\n        \n            <li >\n\n                <div class=\"uk-panel uk-text-center\">\n\n                    \n                    \n                    \n                    \n                        \n                        \n                        \n                                                <div class=\"uk-margin\">\n\n    <div id=\"wk-grid32d\" class=\"uk-child-width-1-1 uk-child-width-1-1@s uk-child-width-1-1@m uk-child-width-1-1@l uk-child-width-1-1@xl uk-grid-match uk-text-left \" uk-height-match=\"target: &gt; div &gt; .uk-panel, &gt; div &gt; .uk-card; row: true\" uk-grid >\n\n    \n        <div >\n            <div class=\"uk-panel\">\n\n                \n                \n                \n                \n                    \n                                                <div class=\"uk-margin uk-text-center\"><img decoding=\"async\" src=\"\/wp-content\/uploads\/2021\/02\/FIPL-logo.png\" class=\" uk-transition-scale-up uk-transition-opaque\" alt=\"FIPL\"><\/div>\n                        \n                        \n                        \n                        \n                                                <div class=\"uk-margin\"><div class=\"uk-margin\">\n<h2 class=\"uk-h2 uk-margin-remove font-20\">FIPL \u2013 FUTURE IN PERSPECTIVE LIMITED \/ IRSKO<\/h2>\n<a href=\"http:\/\/www.futureinperspective.com\/\" target=\"_blank\" class=\"in-text-heading uk-text-color-third\">www.futureinperspective.com<\/a>\n<\/div>\n<div class=\"uk-margin\">\n<span class=\"uk-text-color-primary\">Future In Perspective Limited (FIP) je soukrom\u00e1 spole\u010dnost p\u016fsob\u00edc\u00ed v oblasti rozvoje ml\u00e1de\u017ee, vzd\u011bl\u00e1v\u00e1n\u00ed dosp\u011bl\u00fdch, odborn\u00e9ho vzd\u011bl\u00e1v\u00e1n\u00ed, E-learningu, digit\u00e1ln\u00edch m\u00e9di\u00ed a soci\u00e1ln\u00edho za\u010dlen\u011bn\u00ed. Spole\u010dnost se specializuje na v\u00fdvoj inovativn\u00edch vzd\u011bl\u00e1vac\u00edch materi\u00e1l\u016f a v\u00fdukov\u00fdch program\u016f, specificky zam\u011b\u0159en\u00fdch na poskytovatele vzd\u011bl\u00e1vac\u00edch program\u016f. Spole\u010dnost se v\u011bnuje p\u0159ev\u00e1\u017en\u011b \u0159e\u0161en\u00ed pot\u0159eb u osob na okraji spole\u010dnosti, u nich\u017e selhalo tradi\u010dn\u00ed vzd\u011bl\u00e1v\u00e1n\u00ed. FIP klade zvl\u00e1\u0161tn\u00ed d\u016fraz na vyv\u00edjen\u00ed zp\u016fsob\u016f a cest samostudia a podpory samostatn\u00e9ho vzd\u011bl\u00e1v\u00e1n\u00ed \u201eFree Agent Learners\u201c. K tomu vyu\u017e\u00edv\u00e1 nejnov\u011bj\u0161\u00ed technologie rozv\u00edjej\u00edc\u00ed dovednosti profesion\u00e1l\u016f a dobrovoln\u00edk\u016f pracuj\u00edc\u00edch s ml\u00e1de\u017e\u00ed. C\u00edlov\u00e9 skupin\u011b ml\u00e1de\u017ee tak pom\u00e1h\u00e1 skrze kombinovan\u00e9 formy studia rozv\u00edjet jejich kl\u00ed\u010dov\u00e9 kompetence v jedine\u010dn\u00fdch podm\u00ednk\u00e1ch.<\/span><\/div><\/div>\n                        \n                        \n                        \n                    \n                \n            <\/div>\n        <\/div>\n\n    \n    <\/div>\n\n<\/div>\n                        \n                        \n                        \n                        \n                    \n                <\/div>\n\n            <\/li>\n\n        \n            <li >\n\n                <div class=\"uk-panel uk-text-center\">\n\n                    \n                    \n                    \n                    \n                        \n                        \n                        \n                                                <div class=\"uk-margin\">\n\n    <div id=\"wk-grid96b\" class=\"uk-child-width-1-1 uk-child-width-1-1@s uk-child-width-1-1@m uk-child-width-1-1@l uk-child-width-1-1@xl uk-grid-match uk-text-left \" uk-height-match=\"target: &gt; div &gt; .uk-panel, &gt; div &gt; .uk-card; row: true\" uk-grid >\n\n    \n        <div >\n            <div class=\"uk-panel\">\n\n                \n                \n                \n                \n                    \n                                                <div class=\"uk-margin uk-text-center\"><img decoding=\"async\" src=\"\/wp-content\/uploads\/2021\/02\/Mindshift-logo.svg\" class=\" uk-transition-scale-up uk-transition-opaque\" alt=\"MINDSHIFT\"><\/div>\n                        \n                        \n                        \n                        \n                                                <div class=\"uk-margin\"><div class=\"uk-margin\">\n<h2 class=\"uk-h2 uk-margin-remove font-20\">MINDSHIFT \/ PORTUGALSKO<\/h2>\n<a href=\"https:\/\/www.mindshift.pt\/\" target=\"_blank\" class=\"in-text-heading uk-text-color-third\">www.mindshift.pt<\/a>\n<\/div>\n<div class=\"uk-margin\">\n<span class=\"uk-text-color-primary\">Mindshift Talent Advisory je za\u010d\u00ednaj\u00edc\u00ed startup zalo\u017een\u00fd v roce 2016 v Lisabonu s v\u00fdrazn\u00fdm zam\u011b\u0159en\u00edm na digit\u00e1ln\u00ed transformaci v oblasti HR. Mindshift funguje na n\u00e1rodn\u00ed i mezin\u00e1rodn\u00ed \u00farovni a kombinuje poskytov\u00e1n\u00ed kvalitn\u00edch slu\u017eeb s digit\u00e1ln\u00edmi odborn\u00edky, technologiemi, gamifikac\u00ed, poradenstv\u00edm a kreativitou, co\u017e spole\u010dnostem umo\u017e\u0148uje posilovat jejich pracovn\u00ed s\u00edlu, inovovat a b\u00fdt l\u00eddry na trhu.<\/span><\/div><\/div>\n                        \n                        \n                        \n                    \n                \n            <\/div>\n        <\/div>\n\n    \n    <\/div>\n\n<\/div>\n                        \n                        \n                        \n                        \n                    \n                <\/div>\n\n            <\/li>\n\n        \n            <li >\n\n                <div class=\"uk-panel uk-text-center\">\n\n                    \n                    \n                    \n                    \n                        \n                        \n                        \n                                                <div class=\"uk-margin\">\n\n    <div id=\"wk-grid064\" class=\"uk-child-width-1-1 uk-child-width-1-1@s uk-child-width-1-1@m uk-child-width-1-1@l uk-child-width-1-1@xl uk-grid-match uk-text-left \" uk-height-match=\"target: &gt; div &gt; .uk-panel, &gt; div &gt; .uk-card; row: true\" uk-grid >\n\n    \n        <div >\n            <div class=\"uk-panel\">\n\n                \n                \n                \n                \n                    \n                                                <div class=\"uk-margin uk-text-center\"><img decoding=\"async\" src=\"\/wp-content\/uploads\/2021\/02\/Artwork-28.svg\" class=\" uk-transition-scale-up uk-transition-opaque\" alt=\"CARDET\"><\/div>\n                        \n                        \n                        \n                        \n                                                <div class=\"uk-margin\"><div class=\"uk-margin\">\n<h2 class=\"uk-h2 uk-margin-remove font-20\">CARDET\/ KYPR<\/h2>\n<a href=\"https:\/\/www.cardet.org\/\" target=\"_blank\" class=\"in-text-heading uk-text-color-third\">www.cardet.org<\/a>\n<\/div>\n<div class=\"uk-margin\">\n<span class=\"uk-text-color-primary\">CARDET je jedn\u00edm z p\u0159edn\u00edch v\u00fdzkumn\u00fdch a v\u00fdvojov\u00fdch center ve st\u0159edomo\u0159sk\u00e9m regionu s glob\u00e1ln\u00edmi odborn\u00fdmi znalostmi v oblasti navrhov\u00e1n\u00ed a implementace projekt\u016f, budov\u00e1n\u00ed kapacit, odborn\u00e9ho vzd\u011bl\u00e1v\u00e1n\u00ed a p\u0159\u00edpravy a E-learningu. CARDET je nez\u00e1visle napojen na univerzity a instituce z cel\u00e9ho sv\u011bta, jako jsou Yale University, University of Nicosia a International Council of Educational Media.\n<\/span><\/div><\/div>\n                        \n                        \n                        \n                    \n                \n            <\/div>\n        <\/div>\n\n    \n    <\/div>\n\n<\/div>\n                        \n                        \n                        \n                        \n                    \n                <\/div>\n\n            <\/li>\n\n        \n            <li >\n\n                <div class=\"uk-panel uk-text-center\">\n\n                    \n                    \n                    \n                    \n                        \n                        \n                        \n                                                <div class=\"uk-margin\">\n\n    <div id=\"wk-grid821\" class=\"uk-child-width-1-1 uk-child-width-1-1@s uk-child-width-1-1@m uk-child-width-1-1@l uk-child-width-1-1@xl uk-grid-match uk-text-left \" uk-height-match=\"target: &gt; div &gt; .uk-panel, &gt; div &gt; .uk-card; row: true\" uk-grid >\n\n    \n        <div >\n            <div class=\"uk-panel\">\n\n                \n                \n                \n                \n                    \n                                                <div class=\"uk-margin uk-text-center\"><img decoding=\"async\" src=\"\/wp-content\/uploads\/2021\/03\/motion-digital.png\" class=\" uk-transition-scale-up uk-transition-opaque\" alt=\"Motion Digital s.r.o. \/ CZECH REPUBLIC\"><\/div>\n                        \n                        \n                        \n                        \n                                                <div class=\"uk-margin\"><div class=\"uk-margin\">\n<h2 class=\"uk-h2 uk-margin-remove font-20\">Motion Digital s.r.o. \/ CZECH REPUBLIC<\/h2>\n<a href=\"https:\/\/www.motion-digital.eu\/\" target=\"_blank\" class=\"in-text-heading uk-text-color-third\">www.motion-digital.eu<\/a>\n<\/div>\n<div class=\"uk-margin\">\n<span class=\"uk-text-color-primary\"><p>Motion Digital je startup zalo\u017een\u00fd v roce 2019 se s\u00eddlem v \u010cesk\u00e9 republice. Jeho mis\u00ed je obohacovat \u017eivot lid\u00ed v udr\u017eiteln\u00e9m prost\u0159ed\u00ed pomoc\u00ed technologi\u00ed, exponenci\u00e1ln\u00edho r\u016fstu a lidsk\u00e9ho rozvoje. Z\u00e1m\u011brem je podporovat lidi v celo\u017eivotn\u00edm vzd\u011bl\u00e1v\u00e1n\u00ed tak, aby vzali sv\u016fj \u017eivot do sv\u00fdch rukou a stali se hybnou silou v systematick\u00fdch zm\u011bn\u00e1ch s c\u00edlem zlep\u0161it kvalitu \u017eivota.<\/p>\n<p>Mezi hlavn\u00ed hodnoty pat\u0159\u00ed:\n<ul>\n<li>diverzita & inkluze<\/li>\n<li>odpov\u011bdnost & udr\u017eitelnost<\/li>\n<li>Growth Mindset \u2013 r\u016fstov\u00e9 my\u0161len\u00ed<\/li>\n<li>up\u0159\u00edmnost & integrita<\/li>\n<\/ul>\n<\/p><p>V r\u00e1mci sv\u00e9 mise spolupracuje s dal\u0161\u00edmi organizacemi a vzd\u011bl\u00e1vac\u00edmi institucemi v Evrop\u011b s podobn\u00fdm z\u00e1m\u011brem a pod\u00edl\u00ed se s nimi na mezin\u00e1rodn\u00edch projektech financovan\u00fdch z fond\u016f Erasmus+ s t\u00e9matikou wellbeingu, inkluze a udr\u017eitelnosti.\n<\/p>\n\n<\/span><\/div><\/div>\n                        \n                        \n                        \n                    \n                \n            <\/div>\n        <\/div>\n\n    \n    <\/div>\n\n<\/div>\n                        \n                        \n                        \n                        \n                    \n                <\/div>\n\n            <\/li>\n\n        \n            <li >\n\n                <div class=\"uk-panel uk-text-center\">\n\n                    \n                    \n                    \n                    \n                        \n                        \n                        \n                                                <div class=\"uk-margin\">\n\n    <div id=\"wk-grid13e\" class=\"uk-child-width-1-1 uk-child-width-1-1@s uk-child-width-1-1@m uk-child-width-1-1@l uk-child-width-1-1@xl uk-grid-match uk-text-left \" uk-height-match=\"target: &gt; div &gt; .uk-panel, &gt; div &gt; .uk-card; row: true\" uk-grid >\n\n    \n        <div >\n            <div class=\"uk-panel\">\n\n                \n                \n                \n                \n                    \n                                                <div class=\"uk-margin uk-text-center\"><img decoding=\"async\" src=\"\/wp-content\/uploads\/2021\/02\/Institute-of-development-04.png\" class=\" uk-transition-scale-up uk-transition-opaque\" alt=\"INSTITUTE OF DEVELOPMENT \/ CYPRUS\"><\/div>\n                        \n                        \n                        \n                        \n                                                <div class=\"uk-margin\"><div class=\"uk-margin\">\n<h2 class=\"uk-h2 uk-margin-remove font-20\">INSTITUTE OF DEVELOPMENT \/ KYPR<\/h2>\n<a href=\"https:\/\/iodevelopment.eu\/\" target=\"_blank\" class=\"in-text-heading uk-text-color-third\">www.iodevelopment.eu<\/a>\n<\/div>\n<div class=\"uk-margin\">\n<span class=\"uk-text-color-primary\">Institute of Development (Institut pro rozvoj) byl zalo\u017een v roce 2003. Prov\u00e1d\u00ed v\u00fdzkum a nab\u00edz\u00ed \u0161kolen\u00ed a konzultace t\u00fdkaj\u00edc\u00ed se spole\u010densk\u00fdch a organiza\u010dn\u00edch v\u00fdzev. Jeho viz\u00ed je p\u0159isp\u00edvat ke zlep\u0161ov\u00e1n\u00ed kvality \u017eivota spole\u010dnosti prost\u0159ednictv\u00edm neust\u00e1l\u00e9ho rozvoje jednotlivce, rodiny, lidsk\u00fdch zdroj\u016f v oblastech podnik\u00e1n\u00ed a vzd\u011bl\u00e1vac\u00edch organizac\u00ed. Zam\u011b\u0159uje se na podporu pozitivn\u00edho n\u00e1zoru na \u017eivotn\u00ed a pracovn\u00ed zku\u0161enosti, zv\u00fd\u0161en\u00ed kreativity, odolnosti, dobr\u00fdch \u017eivotn\u00edch podm\u00ednek, zapojen\u00ed a celkov\u00e9ho v\u00fdkonu jednotlivc\u016f i organizac\u00ed.\n<\/span><\/div><\/div>\n                        \n                        \n                        \n                    \n                \n            <\/div>\n        <\/div>\n\n    \n    <\/div>\n\n<\/div>\n                        \n                        \n                        \n                        \n                    \n                <\/div>\n\n            <\/li>\n\n        \n            <li >\n\n                <div class=\"uk-panel uk-text-center\">\n\n                    \n                    \n                    \n                    \n                        \n                        \n                        \n                                                <div class=\"uk-margin\">\n\n    <div id=\"wk-grid98d\" class=\"uk-child-width-1-1 uk-child-width-1-1@s uk-child-width-1-1@m uk-child-width-1-1@l uk-child-width-1-1@xl uk-grid-match uk-text-left \" uk-height-match=\"target: &gt; div &gt; .uk-panel, &gt; div &gt; .uk-card; row: true\" uk-grid >\n\n    \n        <div >\n            <div class=\"uk-panel\">\n\n                \n                \n                \n                \n                    \n                                                <div class=\"uk-margin uk-text-center\"><img decoding=\"async\" src=\"\/wp-content\/uploads\/2021\/02\/P4_Eurotraining.png\" class=\" uk-transition-scale-up uk-transition-opaque\" alt=\"EUROTRAINING EDUCATIONAL ORGANIZATION\"><\/div>\n                        \n                        \n                        \n                        \n                                                <div class=\"uk-margin\"><div class=\"uk-margin\">\n<h2 class=\"uk-h2 uk-margin-remove font-20\">EUROTRAINING EDUCATIONAL ORGANIZATION  \/ \u0158ECKO<\/h2>\n<a href=\"https:\/\/www.eurotraining.gr\/\" target=\"_blank\" class=\"in-text-heading uk-text-color-third\">www.eurotraining.gr<\/a>\n<\/div>\n<div class=\"uk-margin\">\n<span class=\"uk-text-color-primary\">\u0395UROTraining je vzd\u011bl\u00e1vac\u00ed organizace celost\u00e1tn\u00edho rozsahu se specializac\u00ed na odv\u011btv\u00ed nov\u00fdch technologi\u00ed a ICT, podnik\u00e1n\u00ed, finan\u010dn\u00edho managementu, cestovn\u00edho ruchu, um\u011bn\u00ed a kultury, energetiky, zem\u011bd\u011blstv\u00ed a akvakultury.\nEUROtraining c\u00edl\u00ed na pot\u0159eby podnik\u016f, org\u00e1n\u016f a organizac\u00ed ve ve\u0159ejn\u00e9m i soukrom\u00e9m sektoru. Zam\u011b\u0159uje se na pracovn\u00ed potenci\u00e1l trhu, speci\u00e1ln\u011b na nezam\u011bstnan\u00e9, nov\u011b p\u0159\u00edchoz\u00ed zam\u011bstnance, osoby se zdravotn\u00edm posti\u017een\u00edm, podnikatele, absolventy st\u0159edn\u00edch a vysok\u00fdch \u0161kol. Kl\u00ed\u010dov\u00fdmi aktivitami jsou modern\u00ed programy odborn\u00e9ho vzd\u011bl\u00e1v\u00e1n\u00ed (kombinovan\u00e9 u\u010den\u00ed s vyu\u017eit\u00edm ICT), webov\u00e9 syst\u00e9my pro \u0159\u00edzen\u00ed u\u010den\u00ed, semin\u00e1\u0159e \u0161kolen\u00ed lidsk\u00fdch zdroj\u016f, semin\u00e1\u0159e.\n<\/span><\/div><\/div>\n                        \n                        \n                        \n                    \n                \n            <\/div>\n        <\/div>\n\n    \n    <\/div>\n\n<\/div>\n                        \n                        \n                        \n                        \n                    \n                <\/div>\n\n            <\/li>\n\n                <\/ul>\n\n        \n    <\/div>\n\n        <div class=\"uk-flex uk-flex-center uk-margin-top\">\n        <a href=\"#\" uk-slidenav-previous uk-slider-item=\"previous\"><\/a>\n        <a href=\"#\" uk-slidenav-next uk-slider-item=\"next\"><\/a>\n    <\/div>\n    \n    \n    \n<\/div>\n\n<\/div>\n<p><!--more--><br \/>\n<!-- {\"name\":\"About Final\",\"type\":\"layout\",\"children\":[{\"type\":\"section\",\"props\":{\"style\":\"default\",\"width\":\"\",\"vertical_align\":\"middle\",\"title_position\":\"top-left\",\"title_rotation\":\"left\",\"title_breakpoint\":\"xl\",\"image_position\":\"center-center\",\"css\":\"@media only screen and (min-width: 481px) {\\n    .el-section{display:none;}\\n    \\n}\\n\\n.el-section{\\nbackground-color:rgba(255, 255, 255, 0.8);\\n    border-bottom:1px solid #97D6CE;\\n  \\n}\",\"padding_remove_bottom\":false,\"padding_remove_top\":false,\"class\":\"\",\"attributes\":\"uk-sticky\",\"padding\":\"xsmall\"},\"children\":[{\"type\":\"row\",\"children\":[{\"type\":\"column\",\"props\":{\"image_position\":\"center-center\",\"media_overlay_gradient\":\"\"},\"children\":[{\"type\":\"html\",\"props\":{\"content\":\"\\n<a href=\\\"#id1\\\" class=\\\"anchor-active anchor-links anchor1\\\" uk-scroll>O projektu<\\\/a>\\n<a href=\\\"#id1\\\" class=\\\"anchor-links anchor2\\\" uk-scroll>C\\u00edle a z\\u00e1m\\u011bry projektu<\\\/a> \n\n<div class=\\\"uk-margin-small\\\"><\\\/div>\\n<a href=\\\"#id1\\\" class=\\\"anchor-links anchor3\\\" uk-scroll>V\\u00fdstupy projektu<\\\/a>\\n    <a href=\\\"#id1\\\" class=\\\"anchor-links anchor4 \\\" uk-scroll>Metodologie<\\\/a>\\n<a href=\\\"#id1\\\" class=\\\"anchor-links anchor5 \\\" uk-scroll>Partne\\u0159i<\\\/a>\",\"css\":\".el-element{\\ntext-align:center;\\n\\n}\\n\"}}]}]}],\"name\":\"Mobile Anchor Links\"},{\"type\":\"section\",\"props\":{\"style\":\"default\",\"width\":\"default\",\"vertical_align\":\"middle\",\"title_position\":\"top-left\",\"title_rotation\":\"left\",\"title_breakpoint\":\"xl\",\"image_position\":\"center-center\",\"css\":\"@media only screen and (max-width: 440px) {\\n    .el-section{display:none;}\\n    \\n}\"},\"children\":[{\"type\":\"row\",\"children\":[{\"type\":\"column\",\"props\":{\"image_position\":\"center-center\",\"media_overlay_gradient\":\"\"},\"children\":[{\"type\":\"headline\",\"props\":{\"title_element\":\"h2\",\"content\":\"<strong>O projektu<\\\/strong>\",\"title_style\":\"h2\",\"margin_remove_bottom\":true},\"modified\":\"2021-02-24T06:49:16.335Z\",\"name\":\"Header Other pages\"}]}]}]},{\"type\":\"section\",\"props\":{\"style\":\"default\",\"width\":\"default\",\"vertical_align\":\"middle\",\"title_position\":\"top-left\",\"title_rotation\":\"left\",\"title_breakpoint\":\"xl\",\"image_position\":\"center-center\",\"padding_remove_top\":true,\"padding_remove_bottom\":true,\"css\":\"@media only screen and (max-width: 480px) {\\n    .el-section{display:none;}\\n    \\n}\",\"class\":\"\",\"padding\":\"xsmall\",\"id\":\"id1\"},\"children\":[{\"type\":\"row\",\"children\":[{\"type\":\"column\",\"props\":{\"image_position\":\"center-center\",\"media_overlay_gradient\":\"\",\"width_medium\":\"1-5\",\"width_small\":\"1-2\"},\"children\":[{\"type\":\"html\",\"props\":{\"content\":\"<a class=\\\"tab-1\\\">\\n\n\n<div class=\\\"active-tab about-tabs tab11\\\">\\n\n\n<div class=\\\"divimage uk-margin uk-width-large uk-margin-auto uk-text-center\\\">\\n        <img data-src=\\\"\\\/wp-content\\\/uploads\\\/2021\\\/05\\\/Overview.png\\\" alt=\\\"Search Tab\\\" uk-img>\\n<\\\/div>\\n\\n            \\n<\\\/div> \\n    \\n<\\\/a>\"}}]},{\"type\":\"column\",\"props\":{\"image_position\":\"center-center\",\"media_overlay_gradient\":\"\",\"width_medium\":\"1-5\",\"width_small\":\"1-2\"},\"children\":[{\"type\":\"html\",\"props\":{\"content\":\"<a class=\\\"tab-2\\\">\\n\n\n<div class=\\\"about-tabs tab22\\\">\\n\n\n<div class=\\\"divimage uk-margin uk-width-large uk-margin-auto uk-text-center\\\">\\n        <img data-src=\\\"\\\/wp-content\\\/uploads\\\/2021\\\/05\\\/aims.png\\\" alt=\\\"Search Tab\\\" uk-img>\\n<\\\/div>      \\n<\\\/div> \\n    \\n<\\\/a>\"}}]},{\"type\":\"column\",\"props\":{\"image_position\":\"center-center\",\"media_overlay_gradient\":\"\",\"width_medium\":\"1-5\",\"width_small\":\"1-3\"},\"children\":[{\"type\":\"html\",\"props\":{\"content\":\"<a class=\\\"tab-3\\\">\\n\n\n<div class=\\\"about-tabs tab33\\\">\\n\n\n<div class=\\\"divimage uk-margin uk-width-large uk-margin-auto uk-text-center\\\">\\n        <img data-src=\\\"\\\/wp-content\\\/uploads\\\/2021\\\/05\\\/outputs.png\\\" alt=\\\"Search Tab\\\" uk-img>\\n    \\n<\\\/div>\\n<\\\/div> \\n    \\n<\\\/a>\"}}]},{\"type\":\"column\",\"props\":{\"image_position\":\"center-center\",\"media_overlay_gradient\":\"\",\"width_medium\":\"1-5\",\"width_small\":\"1-3\"},\"children\":[{\"type\":\"html\",\"props\":{\"content\":\"<a class=\\\"tab-4\\\">\\n\n\n<div class=\\\"about-tabs tab44\\\">\\n  \n\n<div class=\\\"divimage uk-margin uk-width-large uk-margin-auto uk-text-center\\\">\\n        <img data-src=\\\"\\\/wp-content\\\/uploads\\\/2021\\\/05\\\/methodology.png\\\" alt=\\\"Search Tab\\\" uk-img>\\n<\\\/div>\\n<\\\/div> \\n    \\n<\\\/a>\"}}]},{\"type\":\"column\",\"props\":{\"image_position\":\"center-center\",\"media_overlay_gradient\":\"\",\"width_medium\":\"1-5\",\"width_small\":\"1-3\"},\"children\":[{\"type\":\"html\",\"props\":{\"content\":\"<a class=\\\"tab-5\\\">\\n\n\n<div class=\\\"about-tabs tab55\\\">\\n  \n\n<div class=\\\"divimage uk-margin uk-width-large uk-margin-auto uk-text-center\\\">\\n        <img data-src=\\\"\\\/wp-content\\\/uploads\\\/2021\\\/05\\\/partners.png\\\" alt=\\\"Search Tab\\\" uk-img>\\n<\\\/div>\\n<\\\/div> \\n    \\n<\\\/a>\"}}]}],\"props\":{\"layout\":\"1-5,1-5,1-5,1-5,1-5|1-2,1-2,1-3,1-3,1-3\"}}],\"modified\":\"2021-02-18T09:07:31.488Z\",\"name\":\"image with title Tablet+\"},{\"type\":\"section\",\"props\":{\"style\":\"default\",\"width\":\"default\",\"vertical_align\":\"middle\",\"title_position\":\"top-left\",\"title_rotation\":\"left\",\"title_breakpoint\":\"xl\",\"image_position\":\"center-center\",\"padding_remove_top\":true,\"class\":\"vis-section\",\"id\":\"vis-section\",\"css\":\"@media only screen and (max-width: 480px) {\\n    .el-section{display:none;}\\n    \\n}\"},\"children\":[{\"type\":\"row\",\"children\":[{\"type\":\"column\",\"props\":{\"image_position\":\"center-center\",\"media_overlay_gradient\":\"\"},\"children\":[{\"type\":\"headline\",\"props\":{\"title_element\":\"h4\",\"content\":\"O projektu\",\"title_style\":\"h2\",\"position\":\"absolute\",\"class\":\"h-tab1  cztb1\",\"id\":\"h-tab1 \"}},{\"type\":\"headline\",\"props\":{\"title_element\":\"h4\",\"content\":\"C\\u00edle a z\\u00e1m\\u011bry projektu\",\"title_style\":\"h2\",\"position\":\"absolute\",\"class\":\"h-tab2 opacity-small cztb2\",\"id\":\"h-tab2\"}},{\"type\":\"headline\",\"props\":{\"title_element\":\"h4\",\"content\":\"V\\u00fdstupy projektu\",\"title_style\":\"h2\",\"position\":\"absolute\",\"class\":\"h-tab3 opacity-small cztb3\",\"id\":\"h-tab3\"}},{\"type\":\"headline\",\"props\":{\"title_element\":\"h4\",\"content\":\"Metodologie\",\"title_style\":\"h2\",\"position\":\"absolute\",\"id\":\"h-tab4\",\"class\":\"h-tab4 opacity-small\"}},{\"type\":\"headline\",\"props\":{\"title_element\":\"h4\",\"content\":\"Partne\\u0159i projektu\",\"title_style\":\"h2\",\"position\":\"absolute\",\"id\":\"h-tab5\",\"class\":\"h-tab5 opacity-small \"}},{\"type\":\"divider\",\"props\":{\"divider_element\":\"hr\",\"position\":\"absolute\",\"position_top\":\"50\",\"css\":\".el-element {border-top: 4px solid #F37E5C;width:18.8%;\\n}\",\"class\":\"about-divider\"}}]}]}],\"name\":\"Headers Tablet+\"},{\"type\":\"section\",\"props\":{\"style\":\"default\",\"width\":\"default\",\"vertical_align\":\"middle\",\"title_position\":\"top-left\",\"title_rotation\":\"left\",\"title_breakpoint\":\"xl\",\"image_position\":\"center-center\",\"id\":\"vis-section2\",\"class\":\"vis-section2\",\"padding_remove_top\":true,\"css\":\"@media only screen and (max-width: 480px) {\\n    .el-section{display:none;}\\n    \\n}\"},\"children\":[{\"type\":\"row\",\"children\":[{\"type\":\"column\",\"props\":{\"image_position\":\"center-center\",\"media_overlay_gradient\":\"\"},\"children\":[{\"type\":\"text\",\"props\":{\"margin\":\"default\",\"column_breakpoint\":\"m\",\"content\":\"\n\n<p>V roce 2017 p\\u0159edstavila Evropsk\\u00e1 komise strategii inkluze a rozmanitosti, kter\\u00e1 m\\u00e1 podpo\\u0159it rovn\\u00e9 pracovn\\u00ed p\\u0159\\u00edle\\u017eitosti pro v\\u011bkov\\u011b star\\u0161\\u00ed i mlad\\u0161\\u00ed zam\\u011bstnance. LearnGen si vzal tuto strategii za sv\\u00e9 a vznikl tak projekt, kter\\u00fd se zam\\u011b\\u0159uje na boj proti segregaci, diskriminaci a soci\\u00e1ln\\u00edmu vylou\\u010den\\u00ed marginalizovan\\u00fdch pracovn\\u00edk\\u016f.\\n<\\\/p>\\n\n\n<p>LearnGen si klade za c\\u00edl rozv\\u00edjet dovednosti v obou skupin\\u00e1ch pracovn\\u00edk\\u016f tak, aby se od sebe mohli navz\\u00e1jem u\\u010dit a t\\u00edm se stali m\\u00e9n\\u011b zraniteln\\u00fdmi v\\u016f\\u010di profesion\\u00e1ln\\u00edm v\\u00fdzv\\u00e1m a po\\u017eadavk\\u016fm doby. D\\u00edky implementaci inovativn\\u00edch postup\\u016f na organiza\\u010dn\\u00ed \\u00farovni dostanou star\\u0161\\u00ed pracovn\\u00edci mo\\u017enost mentorovat sv\\u00e9 mlad\\u0161\\u00ed kolegy v oblastech, jako jsou strategick\\u00e9 a kritick\\u00e9 my\\u0161len\\u00ed a \\u0159e\\u0161en\\u00ed probl\\u00e9m\\u016f. Mlad\\u0161\\u00ed pracovn\\u00edci pak pomohou star\\u0161\\u00edm koleg\\u016fm rozvinout jejich digit\\u00e1ln\\u00ed a medi\\u00e1ln\\u00ed gramotnost.\\n<\\\/p>\",\"position\":\"absolute\",\"id\":\"element1\",\"class\":\"element1 uk-text-color-primary\"}},{\"type\":\"text\",\"props\":{\"margin\":\"default\",\"column_breakpoint\":\"m\",\"content\":\"\n\n<p><span class=\\\"in-text-heading uk-text-color-secondary\\\">1. <\\\/span>Podpo\\u0159it star\\u0161\\u00ed i mlad\\u0161\\u00ed pracovn\\u00edky p\\u0159i rozv\\u00edjen\\u00ed z\\u00e1kladn\\u00edch dovednost\\u00ed nezbytn\\u00fdch pro vz\\u00e1jemn\\u00e9 u\\u010den\\u00ed se a vzd\\u011bl\\u00e1v\\u00e1n\\u00ed<br \\\/><span class=\\\"in-text-heading uk-text-color-secondary\\\">2. <\\\/span>Zlep\\u0161it spolupr\\u00e1ci, znalosti, p\\u0159\\u00edstup ke \\u0161kolen\\u00ed a kvalifikac\\u00edm pro v\\u0161echny<br \\\/><span class=\\\"in-text-heading uk-text-color-secondary\\\">3. <\\\/span>Podpo\\u0159it mana\\u017eery a \\u0161kolitele mal\\u00fdch a st\\u0159edn\\u00edch podnik\\u016f p\\u0159i navrhov\\u00e1n\\u00ed, implementaci a monitorov\\u00e1n\\u00ed \\u00fa\\u010dinn\\u00fdch strategi\\u00ed a postup\\u016f podporuj\\u00edc\\u00edch za\\u010dle\\u0148ov\\u00e1n\\u00ed<br \\\/><span class=\\\"in-text-heading uk-text-color-secondary\\\">4. <\\\/span>Budovat kompetence mana\\u017eer\\u016f a \\u0161kolitel\\u016f p\\u0159i navrhov\\u00e1n\\u00ed vzd\\u011bl\\u00e1vac\\u00edch program\\u016f pro peer-to-peer mentoring<br \\\/><span class=\\\"in-text-heading uk-text-color-secondary\\\">5. <\\\/span>P\\u0159ekonat nesoulad dovednost\\u00ed u zam\\u011bstnanc\\u016f<\\\/p>\",\"position\":\"absolute\",\"id\":\"element2\",\"class\":\"element2 uk-text-color-primary opacity0\"}},{\"type\":\"text\",\"props\":{\"margin\":\"default\",\"column_breakpoint\":\"m\",\"content\":\"\n\n<p><span class=\\\"in-text-heading uk-text-color-secondary\\\">1. <\\\/span>Kurikulum pro mezigenera\\u010dn\\u00ed vzd\\u011bl\\u00e1v\\u00e1n\\u00ed<br \\\/><span class=\\\"in-text-heading uk-text-color-secondary\\\">2. <\\\/span>\\u0160kolen\\u00ed pro zam\\u011bstnance vy\\u0161kolen\\u00e9 k tomu, aby se stali mentory <br \\\/><span class=\\\"in-text-heading uk-text-color-secondary\\\">3. <\\\/span>E-learningov\\u00e1 platforma a dal\\u0161\\u00ed otev\\u0159en\\u00e9 vzd\\u011bl\\u00e1vac\\u00ed zdroje<br \\\/><br \\\/><\\\/p>\",\"position\":\"absolute\",\"id\":\"element3\",\"class\":\"element3 uk-text-color-primary opacity0\"}},{\"type\":\"text\",\"props\":{\"margin\":\"default\",\"column_breakpoint\":\"m\",\"content\":\"\n\n<p>\\n<span class=\\\"in-text-heading uk-text-color-secondary\\\">1. Kurikulum pro mezigenera\\u010dn\\u00ed vzd\\u011bl\\u00e1v\\u00e1n\\u00ed<\\\/span> <\\\/br>\\nObsah \\u0161kolen\\u00ed zahrnuje n\\u00e1sleduj\\u00edc\\u00edch 6 modul\\u016f:<\\\/p>\\n\n\n<p>\\n<span class=\\\"in-text-heading uk-text-color-third\\\">&bull; Modul 1. <\\\/span>\\u00davod do mezigenera\\u010dn\\u00edho u\\u010den\\u00ed <\\\/br>\\n<span class=\\\"in-text-heading uk-text-color-third\\\">&bull; Modul 2. <\\\/span>Anal\\u00fdza k identifikaci pot\\u0159eb mezigenera\\u010dn\\u00edho u\\u010den\\u00ed v podnik\\u00e1n\\u00ed\\n<\\\/br> \\n<span class=\\\"in-text-heading uk-text-color-third\\\">&bull; Modul 3. <\\\/span>N\\u00e1vrhy strategi\\u00ed pro mana\\u017eery, HR profesion\\u00e1ly, poskytovatele odborn\\u00e9ho vzd\\u011bl\\u00e1v\\u00e1n\\u00ed a p\\u0159\\u00edpravy pro sni\\u017eov\\u00e1n\\u00ed ageismu a soci\\u00e1ln\\u00edho vylou\\u010den\\u00ed na pracovi\\u0161ti<\\\/br>\\n<span class=\\\"in-text-heading uk-text-color-third\\\">&bull; Modul 4. <\\\/span>Implementace, monitoring a hodnocen\\u00ed v\\u00fd\\u0161e uveden\\u00fdch strategi\\u00ed<\\\/br>\\n<span class=\\\"in-text-heading uk-text-color-third\\\">&bull; Modul 5. <\\\/span>Kurikulum pro mentory a studijn\\u00ed materi\\u00e1ly\\n<\\\/br>\\n<span class=\\\"in-text-heading uk-text-color-third\\\">&bull; Modul 6. <\\\/span>Implementace, monitoring a hodnocen\\u00ed vzd\\u011bl\\u00e1vac\\u00edho programu\\n<\\\/p>\n\n<p>\\nKurikulum odpov\\u00edd\\u00e1 18 hodin\\u00e1m kombinovan\\u00e9ho studia. Hlavn\\u00edm v\\u00fdstupem modul\\u016f bude n\\u00e1vrh strategick\\u00e9ho dokumentu a n\\u00e1vrh programu integruj\\u00edc\\u00ed digit\\u00e1ln\\u00ed n\\u00e1stroje a podporu pro mana\\u017eery, \\u0161kolitele a personalisty.\\nPro mana\\u017eery, HR profesion\\u00e1ly a lektory bude p\\u0159ipraven 8hodinov\\u00fd workshop dopln\\u011bn\\u00fd o 5 hodin online samostudia. Samostatn\\u00e9\\\/ skupinov\\u00e9 studium bude zahrnovat \\u017eivou online v\\u00fduku a voliteln\\u011b i dal\\u0161\\u00ed osobn\\u00ed setk\\u00e1n\\u00ed s lektory programu. Na konci se bude konat 5hodinov\\u00fd workshop, b\\u011bhem kter\\u00e9ho \\u00fa\\u010dastn\\u00edci p\\u0159edstav\\u00ed sv\\u00e9 n\\u00e1vrhy a strategie p\\u0159ipraven\\u00e9 na m\\u00edru pro sv\\u00e9 podniky \\u010di podnik\\u00e1n\\u00ed.\\n<\\\/p>\n\n<p>\\n<span class=\\\"in-text-heading uk-text-color-secondary\\\">2. \\u0160kolen\\u00ed pro zam\\u011bstnance k tomu, aby se stali mentory <\\\/span><\\\/br>\\nObsah \\u0161kolen\\u00ed zahrnuje n\\u00e1sleduj\\u00edc\\u00ed 4 moduly:\\n<\\\/p>\n\n<p>\\n<span class=\\\"in-text-heading uk-text-color-third\\\">&bull; Modul 1. <\\\/span>Principy a techniky mentoringu a reverzn\\u00edho mentoringu<\\\/br>\\n<span class=\\\"in-text-heading uk-text-color-third\\\">&bull; Modul 2. <\\\/span>P\\u0159ehled kompetenc\\u00ed a p\\u0159\\u00edklady dovednost\\u00ed metora<\\\/br>\\n<span class=\\\"in-text-heading uk-text-color-third\\\">&bull; Modul 3. <\\\/span>Modelov\\u00e9 sc\\u00e9n\\u00e1\\u0159e pro n\\u00e1cvik rol\\u00ed mentor\\u2013mentorovan\\u00fd<\\\/br>\\n<span class=\\\"in-text-heading uk-text-color-third\\\">&bull; Modul 4. <\\\/span>Pou\\u017eit\\u00ed digit\\u00e1ln\\u00edch n\\u00e1stroj\\u016f pro pr\\u00e1ci s r\\u016fzn\\u00fdmi v\\u011bkov\\u00fdmi skupinami zam\\u011bstnanc\\u016f\\n<\\\/p>\\n\n\n<p>\\nU\\u010debn\\u00ed pl\\u00e1n odpov\\u00edd\\u00e1 celkem 40 hodin\\u00e1m kombinovan\\u00e9ho studia. Hlavn\\u00edm v\\u00fdstupem modul\\u016f bude n\\u00e1vrh strategick\\u00e9ho dokumentu a n\\u00e1vrh programu s pou\\u017eit\\u00edm digit\\u00e1ln\\u00edch n\\u00e1stroj\\u016f zohled\\u0148uj\\u00edc\\u00edch m\\u00e1lo kvalifikovan\\u00e9 a jinak znev\\u00fdhodn\\u011bn\\u00e9 zam\\u011bstnance r\\u016fzn\\u00fdch v\\u011bkov\\u00fdch skupin.\\n<\\\/p>\",\"position\":\"absolute\",\"id\":\"element4 \",\"class\":\"element4 uk-text-color-primary opacity0\"}},{\"type\":\"text\",\"props\":{\"margin\":\"default\",\"column_breakpoint\":\"m\",\"content\":\"\n\n<p>[widgetkit id=\\\"51\\\"]<\\\/p>\",\"text_align\":\"center\",\"maxwidth\":\"large\",\"block_align\":\"center\",\"position\":\"relative\",\"id\":\"element5\",\"class\":\"element5 opacity0\",\"css\":\".el-element{width:80%;}\\n\\n.uk-position-center-right-out {margin-left: 30px;}\\n.uk-position-center-left-out {margin-right: 60px;}\\nimg{margin-top:13px;}\\n\\n\\na{text-decoration:none;color:#91D3CB !important;}\"}}]}]}],\"name\":\"Content Tablet+\"},{\"type\":\"section\",\"props\":{\"style\":\"default\",\"width\":\"default\",\"vertical_align\":\"middle\",\"title_position\":\"top-left\",\"title_rotation\":\"left\",\"title_breakpoint\":\"xl\",\"image_position\":\"center-center\",\"css\":\"@media only screen and (min-width: 481px) {\\n    .el-section{display:none;}\\n    \\n}\",\"class\":\"msection1\"},\"children\":[{\"type\":\"row\",\"children\":[{\"type\":\"column\",\"props\":{\"image_position\":\"center-center\",\"media_overlay_gradient\":\"\"},\"children\":[{\"type\":\"headline\",\"props\":{\"title_element\":\"h2\",\"content\":\"O projektu\",\"title_style\":\"h4\",\"class\":\"\",\"margin_remove_bottom\":true}},{\"type\":\"divider\",\"props\":{\"divider_element\":\"hr\",\"position_top\":\"50\",\"css\":\".el-element {border-top: 4px solid #F37E5C }\",\"divider_style\":\"\",\"margin_remove_top\":true}},{\"type\":\"text\",\"props\":{\"margin\":\"default\",\"column_breakpoint\":\"m\",\"content\":\"\n\n<p>V roce 2017 p\\u0159edstavila Evropsk\\u00e1 komise strategii inkluze a rozmanitosti, kter\\u00e1 m\\u00e1 podpo\\u0159it rovn\\u00e9 pracovn\\u00ed p\\u0159\\u00edle\\u017eitosti pro v\\u011bkov\\u011b star\\u0161\\u00ed i mlad\\u0161\\u00ed zam\\u011bstnance. LearnGen si vzal tuto strategii za sv\\u00e9 a vznikl tak projekt, kter\\u00fd se zam\\u011b\\u0159uje na boj proti segregaci, diskriminaci a soci\\u00e1ln\\u00edmu vylou\\u010den\\u00ed marginalizovan\\u00fdch pracovn\\u00edk\\u016f.\\n<\\\/p>\\n\n\n<p>LearnGen si klade za c\\u00edl rozv\\u00edjet dovednosti v obou skupin\\u00e1ch pracovn\\u00edk\\u016f tak, aby se od sebe mohli navz\\u00e1jem u\\u010dit a t\\u00edm se stali m\\u00e9n\\u011b zraniteln\\u00fdmi v\\u016f\\u010di profesion\\u00e1ln\\u00edm v\\u00fdzv\\u00e1m a po\\u017eadavk\\u016fm doby. D\\u00edky implementaci inovativn\\u00edch postup\\u016f na organiza\\u010dn\\u00ed \\u00farovni dostanou star\\u0161\\u00ed pracovn\\u00edci mo\\u017enost mentorovat sv\\u00e9 mlad\\u0161\\u00ed kolegy v oblastech, jako jsou strategick\\u00e9 a kritick\\u00e9 my\\u0161len\\u00ed a \\u0159e\\u0161en\\u00ed probl\\u00e9m\\u016f. Mlad\\u0161\\u00ed pracovn\\u00edci pak pomohou star\\u0161\\u00edm koleg\\u016fm rozvinout jejich digit\\u00e1ln\\u00ed a medi\\u00e1ln\\u00ed gramotnost.\\n<\\\/p>\",\"id\":\"melement1\",\"class\":\"element1\"}}]}]}],\"name\":\"Mobile Anchor Links\"},{\"type\":\"section\",\"props\":{\"style\":\"default\",\"width\":\"default\",\"vertical_align\":\"middle\",\"title_position\":\"top-left\",\"title_rotation\":\"left\",\"title_breakpoint\":\"xl\",\"image_position\":\"center-center\",\"css\":\"@media only screen and (min-width: 481px) {\\n    .el-section{display:none;}\\n    \\n}\",\"class\":\"msection2 oh-zero\",\"id\":\"msection2 oh-zero\"},\"children\":[{\"type\":\"row\",\"children\":[{\"type\":\"column\",\"props\":{\"image_position\":\"center-center\",\"media_overlay_gradient\":\"\"},\"children\":[{\"type\":\"headline\",\"props\":{\"title_element\":\"h2\",\"content\":\"C\\u00edle a z\\u00e1m\\u011bry projektu\",\"title_style\":\"h4\",\"class\":\"\",\"margin_remove_bottom\":true}},{\"type\":\"divider\",\"props\":{\"divider_element\":\"hr\",\"position_top\":\"50\",\"css\":\".el-element {border-top: 4px solid #F37E5C }\",\"divider_style\":\"\",\"margin_remove_top\":true}},{\"type\":\"text\",\"props\":{\"margin\":\"default\",\"column_breakpoint\":\"m\",\"content\":\"\n\n<p><span class=\\\"in-text-heading uk-text-color-secondary\\\">1. <\\\/span>Podpo\\u0159it star\\u0161\\u00ed i mlad\\u0161\\u00ed pracovn\\u00edky p\\u0159i rozv\\u00edjen\\u00ed z\\u00e1kladn\\u00edch dovednost\\u00ed nezbytn\\u00fdch pro vz\\u00e1jemn\\u00e9 u\\u010den\\u00ed se a vzd\\u011bl\\u00e1v\\u00e1n\\u00ed<br \\\/><span class=\\\"in-text-heading uk-text-color-secondary\\\">2. <\\\/span>Zlep\\u0161it spolupr\\u00e1ci, znalosti, p\\u0159\\u00edstup ke \\u0161kolen\\u00ed a kvalifikac\\u00edm pro v\\u0161echny<br \\\/><span class=\\\"in-text-heading uk-text-color-secondary\\\">3. <\\\/span>Podpo\\u0159it mana\\u017eery a \\u0161kolitele mal\\u00fdch a st\\u0159edn\\u00edch podnik\\u016f p\\u0159i navrhov\\u00e1n\\u00ed, implementaci a monitorov\\u00e1n\\u00ed \\u00fa\\u010dinn\\u00fdch strategi\\u00ed a postup\\u016f podporuj\\u00edc\\u00edch za\\u010dle\\u0148ov\\u00e1n\\u00ed<br \\\/><span class=\\\"in-text-heading uk-text-color-secondary\\\">4. <\\\/span>Budovat kompetence mana\\u017eer\\u016f a \\u0161kolitel\\u016f p\\u0159i navrhov\\u00e1n\\u00ed vzd\\u011bl\\u00e1vac\\u00edch program\\u016f pro peer-to-peer mentoring<br \\\/><span class=\\\"in-text-heading uk-text-color-secondary\\\">5. <\\\/span>P\\u0159ekonat nesoulad dovednost\\u00ed u zam\\u011bstnanc\\u016f<\\\/p>\",\"id\":\"melement1\",\"class\":\"element1\"}}]}]}],\"name\":\"Mobile Anchor Links\"},{\"type\":\"section\",\"props\":{\"style\":\"default\",\"width\":\"default\",\"vertical_align\":\"middle\",\"title_position\":\"top-left\",\"title_rotation\":\"left\",\"title_breakpoint\":\"xl\",\"image_position\":\"center-center\",\"css\":\"@media only screen and (min-width: 481px) {\\n    .el-section{display:none;}\\n    \\n}\",\"class\":\"msection3 oh-zero\",\"id\":\"msection3 oh-zero\"},\"children\":[{\"type\":\"row\",\"children\":[{\"type\":\"column\",\"props\":{\"image_position\":\"center-center\",\"media_overlay_gradient\":\"\"},\"children\":[{\"type\":\"headline\",\"props\":{\"title_element\":\"h2\",\"content\":\"V\\u00fdstupy projektu\",\"title_style\":\"h4\",\"class\":\"\",\"margin_remove_bottom\":true}},{\"type\":\"divider\",\"props\":{\"divider_element\":\"hr\",\"position_top\":\"50\",\"css\":\".el-element {border-top: 4px solid #F37E5C }\",\"divider_style\":\"\",\"margin_remove_top\":true}},{\"type\":\"text\",\"props\":{\"margin\":\"default\",\"column_breakpoint\":\"m\",\"content\":\"\n\n<p><span class=\\\"in-text-heading uk-text-color-secondary\\\">1. <\\\/span>Kurikulum pro mezigenera\\u010dn\\u00ed vzd\\u011bl\\u00e1v\\u00e1n\\u00ed<br \\\/><span class=\\\"in-text-heading uk-text-color-secondary\\\">2. <\\\/span>\\u0160kolen\\u00ed pro zam\\u011bstnance vy\\u0161kolen\\u00e9 k tomu, aby se stali mentory <br \\\/><span class=\\\"in-text-heading uk-text-color-secondary\\\">3. <\\\/span>E-learningov\\u00e1 platforma a dal\\u0161\\u00ed otev\\u0159en\\u00e9 vzd\\u011bl\\u00e1vac\\u00ed zdroje<br \\\/><br \\\/><\\\/p>\",\"id\":\"melement1\",\"class\":\"element1\"}}]}]}],\"name\":\"Mobile Anchor Links\"},{\"type\":\"section\",\"props\":{\"style\":\"default\",\"width\":\"default\",\"vertical_align\":\"middle\",\"title_position\":\"top-left\",\"title_rotation\":\"left\",\"title_breakpoint\":\"xl\",\"image_position\":\"center-center\",\"css\":\"@media only screen and (min-width: 481px) {\\n    .el-section{display:none;}\\n    \\n}\\n\\n#page\\\\#7-0-0-2{\\nwidth:100%;\\n}\",\"class\":\"msection4 oh-zero\",\"id\":\"msection4 oh-zero\"},\"children\":[{\"type\":\"row\",\"children\":[{\"type\":\"column\",\"props\":{\"image_position\":\"center-center\",\"media_overlay_gradient\":\"\"},\"children\":[{\"type\":\"headline\",\"props\":{\"title_element\":\"h2\",\"content\":\"Metodologie\",\"title_style\":\"h4\",\"class\":\"\",\"margin_remove_bottom\":true}},{\"type\":\"divider\",\"props\":{\"divider_element\":\"hr\",\"position_top\":\"50\",\"css\":\".el-element {border-top: 4px solid #F37E5C }\",\"divider_style\":\"\",\"margin_remove_top\":true}},{\"type\":\"text\",\"props\":{\"margin\":\"default\",\"column_breakpoint\":\"m\",\"content\":\"\n\n<p>\\n<span class=\\\"in-text-heading uk-text-color-secondary\\\">1. Kurikulum pro mezigenera\\u010dn\\u00ed vzd\\u011bl\\u00e1v\\u00e1n\\u00ed<\\\/span> <\\\/br>\\nObsah \\u0161kolen\\u00ed zahrnuje n\\u00e1sleduj\\u00edc\\u00edch 6 modul\\u016f:<\\\/p>\\n\n\n<p>\\n<span class=\\\"in-text-heading uk-text-color-third\\\">&bull; Modul 1. <\\\/span>\\u00davod do mezigenera\\u010dn\\u00edho u\\u010den\\u00ed <\\\/br>\\n<span class=\\\"in-text-heading uk-text-color-third\\\">&bull; Modul 2. <\\\/span>Anal\\u00fdza k identifikaci pot\\u0159eb mezigenera\\u010dn\\u00edho u\\u010den\\u00ed v podnik\\u00e1n\\u00ed\\n<\\\/br> \\n<span class=\\\"in-text-heading uk-text-color-third\\\">&bull; Modul 3. <\\\/span>N\\u00e1vrhy strategi\\u00ed pro mana\\u017eery, HR profesion\\u00e1ly, poskytovatele odborn\\u00e9ho vzd\\u011bl\\u00e1v\\u00e1n\\u00ed a p\\u0159\\u00edpravy pro sni\\u017eov\\u00e1n\\u00ed ageismu a soci\\u00e1ln\\u00edho vylou\\u010den\\u00ed na pracovi\\u0161ti<\\\/br>\\n<span class=\\\"in-text-heading uk-text-color-third\\\">&bull; Modul 4. <\\\/span>Implementace, monitoring a hodnocen\\u00ed v\\u00fd\\u0161e uveden\\u00fdch strategi\\u00ed<\\\/br>\\n<span class=\\\"in-text-heading uk-text-color-third\\\">&bull; Modul 5. <\\\/span>Kurikulum pro mentory a studijn\\u00ed materi\\u00e1ly\\n<\\\/br>\\n<span class=\\\"in-text-heading uk-text-color-third\\\">&bull; Modul 6. <\\\/span>Implementace, monitoring a hodnocen\\u00ed vzd\\u011bl\\u00e1vac\\u00edho programu\\n<\\\/p>\n\n<p>\\nKurikulum odpov\\u00edd\\u00e1 18 hodin\\u00e1m kombinovan\\u00e9ho studia. Hlavn\\u00edm v\\u00fdstupem modul\\u016f bude n\\u00e1vrh strategick\\u00e9ho dokumentu a n\\u00e1vrh programu integruj\\u00edc\\u00ed digit\\u00e1ln\\u00ed n\\u00e1stroje a podporu pro mana\\u017eery, \\u0161kolitele a personalisty.\\nPro mana\\u017eery, HR profesion\\u00e1ly a lektory bude p\\u0159ipraven 8hodinov\\u00fd workshop dopln\\u011bn\\u00fd o 5 hodin online samostudia. Samostatn\\u00e9\\\/ skupinov\\u00e9 studium bude zahrnovat \\u017eivou online v\\u00fduku a voliteln\\u011b i dal\\u0161\\u00ed osobn\\u00ed setk\\u00e1n\\u00ed s lektory programu. Na konci se bude konat 5hodinov\\u00fd workshop, b\\u011bhem kter\\u00e9ho \\u00fa\\u010dastn\\u00edci p\\u0159edstav\\u00ed sv\\u00e9 n\\u00e1vrhy a strategie p\\u0159ipraven\\u00e9 na m\\u00edru pro sv\\u00e9 podniky \\u010di podnik\\u00e1n\\u00ed.\\n<\\\/p>\n\n<p>\\n<span class=\\\"in-text-heading uk-text-color-secondary\\\">2. \\u0160kolen\\u00ed pro zam\\u011bstnance k tomu, aby se stali mentory <\\\/span><\\\/br>\\nObsah \\u0161kolen\\u00ed zahrnuje n\\u00e1sleduj\\u00edc\\u00ed 4 moduly:\\n<\\\/p>\n\n<p>\\n<span class=\\\"in-text-heading uk-text-color-third\\\">&bull; Modul 1. <\\\/span>Principy a techniky mentoringu a reverzn\\u00edho mentoringu<\\\/br>\\n<span class=\\\"in-text-heading uk-text-color-third\\\">&bull; Modul 2. <\\\/span>P\\u0159ehled kompetenc\\u00ed a p\\u0159\\u00edklady dovednost\\u00ed metora<\\\/br>\\n<span class=\\\"in-text-heading uk-text-color-third\\\">&bull; Modul 3. <\\\/span>Modelov\\u00e9 sc\\u00e9n\\u00e1\\u0159e pro n\\u00e1cvik rol\\u00ed mentor\\u2013mentorovan\\u00fd<\\\/br>\\n<span class=\\\"in-text-heading uk-text-color-third\\\">&bull; Modul 4. <\\\/span>Pou\\u017eit\\u00ed digit\\u00e1ln\\u00edch n\\u00e1stroj\\u016f pro pr\\u00e1ci s r\\u016fzn\\u00fdmi v\\u011bkov\\u00fdmi skupinami zam\\u011bstnanc\\u016f\\n<\\\/p>\\n\n\n<p>\\nU\\u010debn\\u00ed pl\\u00e1n odpov\\u00edd\\u00e1 celkem 40 hodin\\u00e1m kombinovan\\u00e9ho studia. Hlavn\\u00edm v\\u00fdstupem modul\\u016f bude n\\u00e1vrh strategick\\u00e9ho dokumentu a n\\u00e1vrh programu s pou\\u017eit\\u00edm digit\\u00e1ln\\u00edch n\\u00e1stroj\\u016f zohled\\u0148uj\\u00edc\\u00edch m\\u00e1lo kvalifikovan\\u00e9 a jinak znev\\u00fdhodn\\u011bn\\u00e9 zam\\u011bstnance r\\u016fzn\\u00fdch v\\u011bkov\\u00fdch skupin.\\n<\\\/p>\",\"text_align\":\"left\",\"block_align\":\"center\",\"position\":\"relative\",\"class\":\"\"}}]}]}],\"name\":\"Mobile Anchor Links\"},{\"type\":\"section\",\"props\":{\"style\":\"default\",\"width\":\"default\",\"vertical_align\":\"middle\",\"title_position\":\"top-left\",\"title_rotation\":\"left\",\"title_breakpoint\":\"xl\",\"image_position\":\"center-center\",\"css\":\"@media only screen and (min-width: 481px) {\\n    .el-section{display:none;}\\n    \\n}\\n\\n#page\\\\#7-0-0-2{\\nwidth:100%;\\n}\",\"class\":\"msection5 oh-zero\",\"id\":\"msection5 oh-zero\"},\"children\":[{\"type\":\"row\",\"children\":[{\"type\":\"column\",\"props\":{\"image_position\":\"center-center\",\"media_overlay_gradient\":\"\"},\"children\":[{\"type\":\"headline\",\"props\":{\"title_element\":\"h2\",\"content\":\"Partne\\u0159i projektu\",\"title_style\":\"h4\",\"class\":\"\",\"margin_remove_bottom\":true}},{\"type\":\"divider\",\"props\":{\"divider_element\":\"hr\",\"position_top\":\"50\",\"css\":\".el-element {border-top: 4px solid #F37E5C }\",\"divider_style\":\"\",\"margin_remove_top\":true}},{\"type\":\"text\",\"props\":{\"margin\":\"default\",\"column_breakpoint\":\"m\",\"content\":\"\n\n<p>[widgetkit id=\\\"52\\\"]<\\\/p>\",\"css\":\".wk-grid {\\n    background-color: #E8E6E6;\\n  padding:3px;\\n}\\n\\n.wk-width-medium-1-4.wk-row-first {\\n    text-align: center;\\n}\\n\\n\\n\\n.wk-slidenav{display:none;\\ncolor:#26A380;}\\n\\n.wk-slidenav:hover{\\ncolor:#F4A362;\\n}\\n\\n\\n\\n\\n\\n.wk-dotnav li a {\\nborder:1px solid #F4A362 !important;\\n    background-color:transparent;\\n}\\n.wk-dotnav .wk-active a {\\n\\n    background-color:#F4A362;\\n}\\n\\n.wk-margin {\\nfont-size:14px;\\n}\",\"text_align\":\"center\",\"block_align\":\"center\",\"position\":\"relative\",\"class\":\"\",\"id\":\"id3\"}}]}]}],\"name\":\"Mobile Anchor Links\"}],\"version\":\"2.4.12\"} --><\/p>\n","protected":false},"excerpt":{"rendered":"<p>O projektu C\u00edle a z\u00e1m\u011bry projektu V\u00fdstupy projektu Metodologie Partne\u0159i O projektu O projektu C\u00edle a z\u00e1m\u011bry projektu V\u00fdstupy projektu&#8230;<\/p>\n","protected":false},"author":1,"featured_media":0,"parent":0,"menu_order":0,"comment_status":"closed","ping_status":"closed","template":"","meta":{"_acf_changed":false,"footnotes":""},"class_list":["post-1109","page","type-page","status-publish","hentry"],"acf":[],"_links":{"self":[{"href":"https:\/\/learngen.eu\/cs\/wp-json\/wp\/v2\/pages\/1109","targetHints":{"allow":["GET"]}}],"collection":[{"href":"https:\/\/learngen.eu\/cs\/wp-json\/wp\/v2\/pages"}],"about":[{"href":"https:\/\/learngen.eu\/cs\/wp-json\/wp\/v2\/types\/page"}],"author":[{"embeddable":true,"href":"https:\/\/learngen.eu\/cs\/wp-json\/wp\/v2\/users\/1"}],"replies":[{"embeddable":true,"href":"https:\/\/learngen.eu\/cs\/wp-json\/wp\/v2\/comments?post=1109"}],"version-history":[{"count":29,"href":"https:\/\/learngen.eu\/cs\/wp-json\/wp\/v2\/pages\/1109\/revisions"}],"predecessor-version":[{"id":1304,"href":"https:\/\/learngen.eu\/cs\/wp-json\/wp\/v2\/pages\/1109\/revisions\/1304"}],"wp:attachment":[{"href":"https:\/\/learngen.eu\/cs\/wp-json\/wp\/v2\/media?parent=1109"}],"curies":[{"name":"wp","href":"https:\/\/api.w.org\/{rel}","templated":true}]}}